{"id":116,"date":"2020-01-18T18:13:20","date_gmt":"2020-01-18T18:13:20","guid":{"rendered":"http:\/\/raere-waggis.ch\/wordpress\/?page_id=116"},"modified":"2026-02-01T15:01:03","modified_gmt":"2026-02-01T14:01:03","slug":"route","status":"publish","type":"page","link":"https:\/\/raere-waggis.ch\/wordpress\/index.php\/infos\/route\/","title":{"rendered":"Route &#8211; Ungef\u00e4\u00e4ri Zyte!"},"content":{"rendered":"<div class=\"breadcrumbs align  wp-block-bcn-breadcrumb-trail has-text-color has-background\" vocab=\"https:\/\/schema.org\/\" typeof=\"BreadcrumbList\">\n\t<span><\/span>\n\t<\/div>\n\n\n\n<div class=\"wp-block-group\"><div class=\"wp-block-group__inner-container is-layout-flow wp-block-group-is-layout-flow\">\n<h3 class=\"wp-block-heading\" id=\"maantig\"><br><strong>M\u00e4\u00e4ntig<\/strong><\/h3>\n\n\n\n<figure class=\"wp-block-table is-style-stripes\"><table class=\"has-background\" style=\"background-color:#f3f4f5\"><thead><tr><th class=\"has-text-align-center\" data-align=\"center\">Zyt<\/th><th><\/th><th class=\"has-text-align-center\" data-align=\"center\">Punggt<\/th><\/tr><\/thead><tbody><tr><td class=\"has-text-align-center\" data-align=\"center\">10:00<\/td><td>Dr\u00e4ffphunggt uff em Dreispitz und Waage belaade<\/td><td class=\"has-text-align-center\" data-align=\"center\">&#8211;<\/td><\/tr><tr><td class=\"has-text-align-center\" data-align=\"center\">12:30<\/td><td>Aakunft W\u00e4bergass, Heechi em White Horse<\/td><td class=\"has-text-align-center\" data-align=\"center\"><strong><em>5<\/em><\/strong><\/td><\/tr><tr><td class=\"has-text-align-center\" data-align=\"center\">13:30<\/td><td>Abfahrt W\u00e4bergass, Heechi em White Horse<\/td><td class=\"has-text-align-center\" data-align=\"center\"><strong>5<\/strong><\/td><\/tr><tr><td class=\"has-text-align-center\" data-align=\"center\">14:30<\/td><td>Pause in dr Steinetorstrooss, <br>n\u00e4be dr Route, Heechi em friehnere Tschopp Baschtel-Laade<\/td><td class=\"has-text-align-center\" data-align=\"center\"><strong>vor <em>75<\/em><\/strong><\/td><\/tr><tr><td class=\"has-text-align-center\" data-align=\"center\">15:30<\/td><td>Pause im Brunng\u00e4ssli,<br>n\u00e4be dr Route, fascht bim Picassoblatz<\/td><td class=\"has-text-align-center\" data-align=\"center\"><strong><em>61\/59<\/em><\/strong><\/td><\/tr><tr><td class=\"has-text-align-center\" data-align=\"center\">16:30<\/td><td>Pause Egge Hammerstrooss \/ Riechestrooss,<br>n\u00e4be dr Route, ume Egge bim Ristorante Sicilia<\/td><td class=\"has-text-align-center\" data-align=\"center\"><strong><em>33\/27<\/em><\/strong><\/td><\/tr><tr><td class=\"has-text-align-center\" data-align=\"center\">17:30<\/td><td>Aakunft Clarablatz, Egge UBS \/ Denner<\/td><td class=\"has-text-align-center\" data-align=\"center\"><strong><em>9<\/em><\/strong><\/td><\/tr><tr><td class=\"has-text-align-center\" data-align=\"center\">19:00<\/td><td>Abfahrt Clarablatz<\/td><td class=\"has-text-align-center\" data-align=\"center\"><strong><em>9<\/em><\/strong><\/td><\/tr><\/tbody><\/table><\/figure>\n<\/div><\/div>\n\n\n\n<figure class=\"wp-block-gallery has-nested-images columns-default is-cropped wp-block-gallery-1 is-layout-flex wp-block-gallery-is-layout-flex\">\n<figure class=\"wp-block-image size-large\"><img loading=\"lazy\" decoding=\"async\" width=\"559\" height=\"784\" data-id=\"5600\" src=\"https:\/\/raere-waggis.ch\/wordpress\/wp-content\/uploads\/2025\/02\/2025-cortege.jpg\" alt=\"\" class=\"wp-image-5600\" srcset=\"https:\/\/raere-waggis.ch\/wordpress\/wp-content\/uploads\/2025\/02\/2025-cortege.jpg 559w, https:\/\/raere-waggis.ch\/wordpress\/wp-content\/uploads\/2025\/02\/2025-cortege-214x300.jpg 214w\" sizes=\"auto, (max-width: 559px) 100vw, 559px\" \/><\/figure>\n<\/figure>\n\n\n\n<div class=\"wp-block-group\"><div class=\"wp-block-group__inner-container is-layout-flow wp-block-group-is-layout-flow\">\n<h3 class=\"wp-block-heading\" id=\"mittwuch\"><strong>Mittwuch<\/strong><\/h3>\n\n\n\n<figure class=\"wp-block-table is-style-stripes\"><table class=\"has-background\" style=\"background-color:#f3f4f5\"><thead><tr><th class=\"has-text-align-center\" data-align=\"center\">Zyt <\/th><th><\/th><th class=\"has-text-align-center\" data-align=\"center\">Punggt  <\/th><\/tr><\/thead><tbody><tr><td class=\"has-text-align-center\" data-align=\"center\">10:00<\/td><td>Dr\u00e4ffphunggt uff em Dreispitz und Waage belaade<\/td><td class=\"has-text-align-center\" data-align=\"center\">&#8211;<\/td><\/tr><tr><td class=\"has-text-align-center\" data-align=\"center\">12:30<\/td><td>Aakunft Claragrabe \/ Riechestrooss<\/td><td class=\"has-text-align-center\" data-align=\"center\"><strong><em>34<\/em><\/strong><\/td><\/tr><tr><td class=\"has-text-align-center\" data-align=\"center\">13:30<\/td><td>Abfahrt Claragrabe \/ Riechestrooss<\/td><td class=\"has-text-align-center\" data-align=\"center\"><strong>34<\/strong><\/td><\/tr><tr><td class=\"has-text-align-center\" data-align=\"center\">14:30<\/td><td>Pause uffem M\u00fcnschterblatz<\/td><td class=\"has-text-align-center\" data-align=\"center\"><strong><em>50<\/em><\/strong><\/td><\/tr><tr><td class=\"has-text-align-center\" data-align=\"center\">15:30<\/td><td>Pause in dr Freie Stross,<br>Heechi Kino Scala\/Starbucks<\/td><td class=\"has-text-align-center\" data-align=\"center\"><strong><em>68<\/em><\/strong><\/td><\/tr><tr><td class=\"has-text-align-center\" data-align=\"center\">16:30<\/td><td>E kurzi Pause am M\u00e4\u00e4rtblatz<\/td><td class=\"has-text-align-center\" data-align=\"center\"><strong><em>82<\/em><\/strong><\/td><\/tr><tr><td class=\"has-text-align-center\" data-align=\"center\">17:30<\/td><td>Aakunft Clarablatz, Egge UBS \/ Denner<\/td><td class=\"has-text-align-center\" data-align=\"center\"><strong><em>9<\/em><\/strong><\/td><\/tr><tr><td class=\"has-text-align-center\" data-align=\"center\">19:30<\/td><td>Abfahrt Clarablatz<\/td><td class=\"has-text-align-center\" data-align=\"center\"><strong><em>9<\/em><\/strong><\/td><\/tr><\/tbody><\/table><\/figure>\n<\/div><\/div>\n\n\n\n<div class=\"wp-block-group\"><div class=\"wp-block-group__inner-container is-layout-flow wp-block-group-is-layout-flow\">\n<h3 class=\"wp-block-heading\" id=\"zyschtig-binggis\"><strong>Zyschtig Binggis<\/strong><\/h3>\n\n\n\n<figure class=\"wp-block-table is-style-stripes\"><table class=\"has-background\" style=\"background-color:#f3f4f5\"><thead><tr><th class=\"has-text-align-center\" data-align=\"center\">Zyt<\/th><th><\/th><\/tr><\/thead><tbody><tr><td class=\"has-text-align-center\" data-align=\"center\">13.30<\/td><td>Dr\u00e4ffphunggt bim Spiegelhoof, bi dr Basler Kantonalbangg!<\/td><\/tr><tr><td class=\"has-text-align-center\" data-align=\"center\">14.30<\/td><td>Pause uf em Barfi, wo&#8217;s Blatz het!<\/td><\/tr><tr><td class=\"has-text-align-center\" data-align=\"center\">&#8211;<\/td><td>Barfi &#8211; Freie Stroos durab und e Rundi uf em M\u00e4\u00e4rtblatz<\/td><\/tr><tr><td class=\"has-text-align-center\" data-align=\"center\">18.00<\/td><td>Aakunft bim Spiegelhoof, bim Comit\u00e9 B\u00fcro<\/td><\/tr><\/tbody><\/table><\/figure>\n<\/div><\/div>\n","protected":false},"excerpt":{"rendered":"<p>M\u00e4\u00e4ntig Zyt Punggt 10:00 Dr\u00e4ffphunggt uff em Dreispitz und Waage belaade &#8211; 12:30 Aakunft W\u00e4bergass, Heechi em White Horse 5 13:30 Abfahrt W\u00e4bergass, Heechi em White Horse 5 14:30 Pause in dr Steinetorstrooss, n\u00e4be dr Route, Heechi em friehnere Tschopp Baschtel-Laade vor 75 15:30 Pause im Brunng\u00e4ssli,n\u00e4be dr Route, fascht bim Picassoblatz 61\/59 16:30 Pause &hellip; <\/p>\n<p class=\"link-more\"><a href=\"https:\/\/raere-waggis.ch\/wordpress\/index.php\/infos\/route\/\" class=\"more-link\"><span class=\"screen-reader-text\">&#171;Route &#8211; Ungef\u00e4\u00e4ri Zyte!&#187;<\/span> weiterlesen<\/a><\/p>\n","protected":false},"author":1,"featured_media":0,"parent":96,"menu_order":0,"comment_status":"closed","ping_status":"closed","template":"","meta":{"footnotes":""},"class_list":["post-116","page","type-page","status-publish","hentry"],"_links":{"self":[{"href":"https:\/\/raere-waggis.ch\/wordpress\/index.php\/wp-json\/wp\/v2\/pages\/116","targetHints":{"allow":["GET"]}}],"collection":[{"href":"https:\/\/raere-waggis.ch\/wordpress\/index.php\/wp-json\/wp\/v2\/pages"}],"about":[{"href":"https:\/\/raere-waggis.ch\/wordpress\/index.php\/wp-json\/wp\/v2\/types\/page"}],"author":[{"embeddable":true,"href":"https:\/\/raere-waggis.ch\/wordpress\/index.php\/wp-json\/wp\/v2\/users\/1"}],"replies":[{"embeddable":true,"href":"https:\/\/raere-waggis.ch\/wordpress\/index.php\/wp-json\/wp\/v2\/comments?post=116"}],"version-history":[{"count":55,"href":"https:\/\/raere-waggis.ch\/wordpress\/index.php\/wp-json\/wp\/v2\/pages\/116\/revisions"}],"predecessor-version":[{"id":5882,"href":"https:\/\/raere-waggis.ch\/wordpress\/index.php\/wp-json\/wp\/v2\/pages\/116\/revisions\/5882"}],"up":[{"embeddable":true,"href":"https:\/\/raere-waggis.ch\/wordpress\/index.php\/wp-json\/wp\/v2\/pages\/96"}],"wp:attachment":[{"href":"https:\/\/raere-waggis.ch\/wordpress\/index.php\/wp-json\/wp\/v2\/media?parent=116"}],"curies":[{"name":"wp","href":"https:\/\/api.w.org\/{rel}","templated":true}]}}