{"id":122,"date":"2020-01-18T18:15:04","date_gmt":"2020-01-18T18:15:04","guid":{"rendered":"http:\/\/raere-waggis.ch\/wordpress\/?page_id=122"},"modified":"2023-07-17T11:30:26","modified_gmt":"2023-07-17T10:30:26","slug":"mitgliederaatrag","status":"publish","type":"page","link":"https:\/\/raere-waggis.ch\/wordpress\/index.php\/infos\/mitgliederaatrag\/","title":{"rendered":"Mitgliederaatrag"},"content":{"rendered":"<div class=\"breadcrumbs align  wp-block-bcn-breadcrumb-trail has-text-color has-background\" vocab=\"https:\/\/schema.org\/\" typeof=\"BreadcrumbList\">\n\t<span><\/span>\n\t<\/div>\n\n\n\n<p><\/p>\n\n\n\n<p>D Raere Waggis sin e Clique, wo nur us Manne bestoht. Nur am Cort\u00e8ge w\u00e4rde mir vo ere Frau zooge!<\/p>\n\n\n\n<figure class=\"wp-block-image size-large is-resized\"><img loading=\"lazy\" decoding=\"async\" src=\"https:\/\/raere-waggis.ch\/wordpress\/wp-content\/uploads\/2020\/01\/2005_fasnacht_cliquemitlarv.jpg\" alt=\"\" class=\"wp-image-368\" width=\"598\" height=\"401\" srcset=\"https:\/\/raere-waggis.ch\/wordpress\/wp-content\/uploads\/2020\/01\/2005_fasnacht_cliquemitlarv.jpg 447w, https:\/\/raere-waggis.ch\/wordpress\/wp-content\/uploads\/2020\/01\/2005_fasnacht_cliquemitlarv-300x201.jpg 300w\" sizes=\"auto, (max-width: 598px) 100vw, 598px\" \/><\/figure>\n\n\n\n<p>W\u00e4r&#8217;s wunder nimmt, w\u00e4r so derbi isch, soll doch d <strong><a href=\"https:\/\/raere-waggis.ch\/wordpress\/index.php\/helge\/\" data-type=\"page\" data-id=\"136\">H\u00e8lge-Sammlig<\/a><\/strong> aaluege oder sich als neus Passivmitglied aam\u00e4lde. <\/p>\n\n\n\n<p>Was biete d Raere Waggis de Passive f\u00fcr 30 Frangge f\u00fcr e Einzelperson, oder f\u00fcr 50 Frangge f\u00fcr e Familie im Joor?<\/p>\n\n\n\n<ul class=\"wp-block-list\">\n<li>E Waagedauffi am Sunntig vorem Morgestraich. Es git e warmi Moolzyt, Siesses und kalti Getr\u00e4nk!<\/li>\n\n\n\n<li>W\u00e4hrend und nach em Cort\u00e8ge freue sich d Raere Waggis, wenn mir mit unserne Passive dir\u00e4ggt am Waage z\u00e4me eine k\u00f6nne dringge!<\/li>\n<\/ul>\n\n\n\n<div class=\"wp-block-group\"><div class=\"wp-block-group__inner-container is-layout-flow wp-block-group-is-layout-flow\">\n<p>Do k\u00f6nnet ihr d <strong><a rel=\"noreferrer noopener\" aria-label=\"Mitgliederkarte (\u00f6ffnet in einem neuem Tab)\" href=\"https:\/\/raere-waggis.ch\/wordpress\/wp-content\/uploads\/2020\/01\/mitgliederkarte.pdf\" target=\"_blank\">Mitgliederkarte<\/a><\/strong> abelade, usdrugge und uns per E-Mail zueschigge:<\/p>\n\n\n\n<div class=\"wp-block-columns is-layout-flex wp-container-core-columns-is-layout-9d6595d7 wp-block-columns-is-layout-flex\">\n<div class=\"wp-block-column is-layout-flow wp-block-column-is-layout-flow\" style=\"flex-basis:25%\"><\/div>\n\n\n\n<div class=\"wp-block-column is-layout-flow wp-block-column-is-layout-flow\" style=\"flex-basis:50%\">\n<p>info@raere-waggis.ch<\/p>\n<\/div>\n\n\n\n<div class=\"wp-block-column is-layout-flow wp-block-column-is-layout-flow\" style=\"flex-basis:25%\"><\/div>\n<\/div>\n<\/div><\/div>\n\n\n\n<p>Ihr k\u00f6nnet au per <strong><a href=\"https:\/\/raere-waggis.ch\/wordpress\/index.php\/kontaggt\/\" data-type=\"page\" data-id=\"381\">Kontaggtformular<\/a><\/strong><a rel=\"noreferrer noopener\" href=\"https:\/\/raere-waggis.ch\/wordpress\/index.php\/kontaggt-formular\/\" data-type=\"page\" data-id=\"381\" target=\"_blank\"><strong> <\/strong><\/a>uns e Mitteilig schigge mit de Agoobe wie Name, Vorname, Adr\u00e4sse, Deelifoon-Nummer, E-Mail-Adr\u00e4sse und Geburtsdatum. Denn bek\u00f6mmet Ihr per Boscht e Am\u00e4ldekarte!<\/p>\n\n\n\n<p>Mir freue uns \u00fcber jedes Neumitglied!<br>Euri Raere Waggis<\/p>\n","protected":false},"excerpt":{"rendered":"<p>D Raere Waggis sin e Clique, wo nur us Manne bestoht. Nur am Cort\u00e8ge w\u00e4rde mir vo ere Frau zooge! W\u00e4r&#8217;s wunder nimmt, w\u00e4r so derbi isch, soll doch d H\u00e8lge-Sammlig aaluege oder sich als neus Passivmitglied aam\u00e4lde. Was biete d Raere Waggis de Passive f\u00fcr 30 Frangge f\u00fcr e Einzelperson, oder f\u00fcr 50 Frangge &hellip; <\/p>\n<p class=\"link-more\"><a href=\"https:\/\/raere-waggis.ch\/wordpress\/index.php\/infos\/mitgliederaatrag\/\" class=\"more-link\"><span class=\"screen-reader-text\">&#171;Mitgliederaatrag&#187;<\/span> weiterlesen<\/a><\/p>\n","protected":false},"author":1,"featured_media":0,"parent":96,"menu_order":0,"comment_status":"closed","ping_status":"closed","template":"","meta":{"footnotes":""},"class_list":["post-122","page","type-page","status-publish","hentry"],"_links":{"self":[{"href":"https:\/\/raere-waggis.ch\/wordpress\/index.php\/wp-json\/wp\/v2\/pages\/122","targetHints":{"allow":["GET"]}}],"collection":[{"href":"https:\/\/raere-waggis.ch\/wordpress\/index.php\/wp-json\/wp\/v2\/pages"}],"about":[{"href":"https:\/\/raere-waggis.ch\/wordpress\/index.php\/wp-json\/wp\/v2\/types\/page"}],"author":[{"embeddable":true,"href":"https:\/\/raere-waggis.ch\/wordpress\/index.php\/wp-json\/wp\/v2\/users\/1"}],"replies":[{"embeddable":true,"href":"https:\/\/raere-waggis.ch\/wordpress\/index.php\/wp-json\/wp\/v2\/comments?post=122"}],"version-history":[{"count":34,"href":"https:\/\/raere-waggis.ch\/wordpress\/index.php\/wp-json\/wp\/v2\/pages\/122\/revisions"}],"predecessor-version":[{"id":5276,"href":"https:\/\/raere-waggis.ch\/wordpress\/index.php\/wp-json\/wp\/v2\/pages\/122\/revisions\/5276"}],"up":[{"embeddable":true,"href":"https:\/\/raere-waggis.ch\/wordpress\/index.php\/wp-json\/wp\/v2\/pages\/96"}],"wp:attachment":[{"href":"https:\/\/raere-waggis.ch\/wordpress\/index.php\/wp-json\/wp\/v2\/media?parent=122"}],"curies":[{"name":"wp","href":"https:\/\/api.w.org\/{rel}","templated":true}]}}