{"id":146,"date":"2020-01-18T18:33:51","date_gmt":"2020-01-18T18:33:51","guid":{"rendered":"http:\/\/raere-waggis.ch\/wordpress\/?page_id=146"},"modified":"2022-02-13T11:05:40","modified_gmt":"2022-02-13T10:05:40","slug":"waagebau","status":"publish","type":"page","link":"https:\/\/raere-waggis.ch\/wordpress\/index.php\/infos\/waagebau\/","title":{"rendered":"Waagebau"},"content":{"rendered":"<div class=\"breadcrumbs align  wp-block-bcn-breadcrumb-trail has-text-color has-background\" vocab=\"https:\/\/schema.org\/\" typeof=\"BreadcrumbList\">\n\t<span><\/span>\n\t<\/div>\n\n\n\n<p><\/p>\n\n\n\n<p>Unsere Arbeitsblatz. Do wird gschweisst, gh\u00e4mmeret, gschruubt, gmoolt, gs\u00e4\u00e4gt und nat\u00fcrlig als erschts plant, wie dr Waage f\u00fcr die kommendi Fasnacht jewyls soll usgseh.<\/p>\n\n\n\n<figure class=\"wp-block-image size-large is-resized\"><img loading=\"lazy\" decoding=\"async\" src=\"https:\/\/raere-waggis.ch\/wordpress\/wp-content\/uploads\/2020\/01\/wagebau1.jpg\" alt=\"\" class=\"wp-image-324\" width=\"342\" height=\"455\"\/><\/figure>\n\n\n\n<p>Bi Doppler&#8217;s sin mir sit em Joor 2003 yquartiert. Do finde mir m\u00e4ngs W\u00e4rkz\u00fc\u00fcg im Laager vom &#171;Doppler&#8217;s Land-, Bau- und Miet-Maschinen-Service&#187;. Uf d\u00e4m W\u00e4g m\u00f6chte mir de Doppler&#8217;s e ganz grosses Danggsch\u00f6n usspr\u00e4che!<br><br>Zw\u00fcsche em Joor 1977 und dr Fasnacht 2005 het dr alti Waage sini Dienscht gleischtet. Mit 28 Joor het \u00e4r si Penionsalter erreicht und isch usgmuschteret worde. <\/p>\n\n\n\n<p>Sit dr Fasnacht 2006 sin mir mit eme mod\u00e4rne Laschtwageah\u00e4nger, wo mir eigens f\u00fcr unseri Bed\u00fcrfdnis umbaut h\u00e4n, am Cort\u00e8ge unterw\u00e4gs. Dr Waage het e L\u00e4ngi vo 7,60 Meter und e Breite vo 2,52 Meter. Do no e <a href=\"https:\/\/raere-waggis.ch\/wordpress\/wp-content\/uploads\/2020\/01\/waagen-masse-scaled.jpg\"><strong>H\u00e8lge<\/strong><\/a> mit allne Mass! S Dach uf d\u00e4m Foti, wo mir mit 2 Kurble h\u00e4n k\u00f6nne uffemache, isch f\u00fcr d Fasnacht 2019 durch e neuii Konstruktion ersetzt worde. <\/p>\n\n\n\n<h3 class=\"wp-block-heading\" id=\"adrasse\"><strong>Adr\u00e4sse<\/strong><\/h3>\n\n\n\n<p><em>Doppler&#8217;s Land-, Bau- und Mietmaschinen-Service<\/em><br>M\u00fchlemattstrasse 6<br>4112 B\u00e4ttwil.<\/p>\n\n\n\n<div class=\"wp-block-buttons is-layout-flex wp-block-buttons-is-layout-flex\">\n<div class=\"wp-block-button is-style-fill\"><a class=\"wp-block-button__link\" href=\"http:\/\/www.dopplerland.ch\" target=\"_blank\" rel=\"noreferrer noopener\">www.dopplerland.ch<\/a><\/div>\n<\/div>\n\n\n\n<p><\/p>\n\n\n\n<p>Do gohts zu de <a href=\"https:\/\/raere-waggis.ch\/wordpress\/index.php\/vergangenes\/fasnacht-2013\/waagebau-2013\/\" data-type=\"page\" data-id=\"714\"><strong>H\u00e8lge<\/strong> <\/a>vom Waagebau vor dr Fasnacht 2013!<\/p>\n\n\n\n<h3 class=\"wp-block-heading\" id=\"do-no-e-paar-zahle-vo-unserem-waage-vo-dr-fasnacht-2013\"><strong>Do no e paar Zahle vo unserem Waage vo dr Fasnacht 2013<\/strong><\/h3>\n\n\n\n<ul class=\"wp-block-list\"><li>705 kg Orange<\/li><li>490 kg R\u00e4ppli<\/li><li>852 kg Fr\u00fcschfleich (Raere Waggis)<\/li><li>55 kg Filet (unseri Chauff\u00f6\u00f6se)<\/li><li>2686 ufkl\u00e4bti Bierdeggel ufem Waage<\/li><\/ul>\n\n\n\n<p><\/p>\n","protected":false},"excerpt":{"rendered":"<p>Unsere Arbeitsblatz. Do wird gschweisst, gh\u00e4mmeret, gschruubt, gmoolt, gs\u00e4\u00e4gt und nat\u00fcrlig als erschts plant, wie dr Waage f\u00fcr die kommendi Fasnacht jewyls soll usgseh. Bi Doppler&#8217;s sin mir sit em Joor 2003 yquartiert. Do finde mir m\u00e4ngs W\u00e4rkz\u00fc\u00fcg im Laager vom &#171;Doppler&#8217;s Land-, Bau- und Miet-Maschinen-Service&#187;. Uf d\u00e4m W\u00e4g m\u00f6chte mir de Doppler&#8217;s e ganz &hellip; <\/p>\n<p class=\"link-more\"><a href=\"https:\/\/raere-waggis.ch\/wordpress\/index.php\/infos\/waagebau\/\" class=\"more-link\"><span class=\"screen-reader-text\">&#171;Waagebau&#187;<\/span> weiterlesen<\/a><\/p>\n","protected":false},"author":1,"featured_media":0,"parent":96,"menu_order":0,"comment_status":"closed","ping_status":"closed","template":"","meta":{"footnotes":""},"class_list":["post-146","page","type-page","status-publish","hentry"],"_links":{"self":[{"href":"https:\/\/raere-waggis.ch\/wordpress\/index.php\/wp-json\/wp\/v2\/pages\/146","targetHints":{"allow":["GET"]}}],"collection":[{"href":"https:\/\/raere-waggis.ch\/wordpress\/index.php\/wp-json\/wp\/v2\/pages"}],"about":[{"href":"https:\/\/raere-waggis.ch\/wordpress\/index.php\/wp-json\/wp\/v2\/types\/page"}],"author":[{"embeddable":true,"href":"https:\/\/raere-waggis.ch\/wordpress\/index.php\/wp-json\/wp\/v2\/users\/1"}],"replies":[{"embeddable":true,"href":"https:\/\/raere-waggis.ch\/wordpress\/index.php\/wp-json\/wp\/v2\/comments?post=146"}],"version-history":[{"count":21,"href":"https:\/\/raere-waggis.ch\/wordpress\/index.php\/wp-json\/wp\/v2\/pages\/146\/revisions"}],"predecessor-version":[{"id":4423,"href":"https:\/\/raere-waggis.ch\/wordpress\/index.php\/wp-json\/wp\/v2\/pages\/146\/revisions\/4423"}],"up":[{"embeddable":true,"href":"https:\/\/raere-waggis.ch\/wordpress\/index.php\/wp-json\/wp\/v2\/pages\/96"}],"wp:attachment":[{"href":"https:\/\/raere-waggis.ch\/wordpress\/index.php\/wp-json\/wp\/v2\/media?parent=146"}],"curies":[{"name":"wp","href":"https:\/\/api.w.org\/{rel}","templated":true}]}}