{"id":170,"date":"2020-01-18T18:48:00","date_gmt":"2020-01-18T18:48:00","guid":{"rendered":"http:\/\/raere-waggis.ch\/wordpress\/?page_id=170"},"modified":"2022-02-13T11:05:14","modified_gmt":"2022-02-13T10:05:14","slug":"laarve-goschdyym","status":"publish","type":"page","link":"https:\/\/raere-waggis.ch\/wordpress\/index.php\/infos\/laarve-goschdyym\/","title":{"rendered":"Laarve &#038; Goschdyym"},"content":{"rendered":"<div class=\"breadcrumbs align  wp-block-bcn-breadcrumb-trail has-text-color has-background\" vocab=\"https:\/\/schema.org\/\" typeof=\"BreadcrumbList\">\n\t<span><\/span>\n\t<\/div>\n\n\n\n<p><\/p>\n\n\n\n<h3 class=\"wp-block-heading\" id=\"unsere-laarvemacher\"><strong>Unsere Laarvemacher<\/strong><\/h3>\n\n\n\n<p>Syt dr Faasnacht 2017 l\u00f6n mir unseri Larve bim Hans L\u00e4\u00e4dermaa in sim <a rel=\"noreferrer noopener\" href=\"http:\/\/www.bajass.ch\/\" target=\"_blank\"><strong>Atelier Bajass<\/strong> <\/a>am Bl\u00e4siring mache.<\/p>\n\n\n\n<figure class=\"wp-block-image size-large\"><img loading=\"lazy\" decoding=\"async\" width=\"1024\" height=\"768\" src=\"https:\/\/raere-waggis.ch\/wordpress\/wp-content\/uploads\/2022\/02\/atelier-bajass-telebasel2-1024x768.jpeg\" alt=\"\" class=\"wp-image-4460\" srcset=\"https:\/\/raere-waggis.ch\/wordpress\/wp-content\/uploads\/2022\/02\/atelier-bajass-telebasel2-1024x768.jpeg 1024w, https:\/\/raere-waggis.ch\/wordpress\/wp-content\/uploads\/2022\/02\/atelier-bajass-telebasel2-300x225.jpeg 300w, https:\/\/raere-waggis.ch\/wordpress\/wp-content\/uploads\/2022\/02\/atelier-bajass-telebasel2-768x576.jpeg 768w, https:\/\/raere-waggis.ch\/wordpress\/wp-content\/uploads\/2022\/02\/atelier-bajass-telebasel2-1536x1152.jpeg 1536w, https:\/\/raere-waggis.ch\/wordpress\/wp-content\/uploads\/2022\/02\/atelier-bajass-telebasel2.jpeg 2016w\" sizes=\"auto, (max-width: 767px) 89vw, (max-width: 1000px) 54vw, (max-width: 1071px) 543px, 580px\" \/><\/figure>\n\n\n\n<h3 class=\"wp-block-heading\" id=\"unseri-schnyyderin\"><strong>Unseri Schnyyderin<\/strong><\/h3>\n\n\n\n<p>In D\u00e4\u00e4rwyyl h\u00e4n mir syt em 2016 unseri neui Schnyyderin, wo ihres eigene Gesch\u00e4ft <a rel=\"noreferrer noopener\" aria-label=\"simply chic (\u00f6ffnet in einem neuem Tab)\" href=\"http:\/\/www.simplychic.ch\/\" target=\"_blank\"><strong>simply chic<\/strong><\/a> het!<\/p>\n\n\n\n<figure class=\"wp-block-image size-full\"><img loading=\"lazy\" decoding=\"async\" width=\"1000\" height=\"217\" src=\"https:\/\/raere-waggis.ch\/wordpress\/wp-content\/uploads\/2022\/02\/goschdyym.jpeg\" alt=\"\" class=\"wp-image-4461\" srcset=\"https:\/\/raere-waggis.ch\/wordpress\/wp-content\/uploads\/2022\/02\/goschdyym.jpeg 1000w, https:\/\/raere-waggis.ch\/wordpress\/wp-content\/uploads\/2022\/02\/goschdyym-300x65.jpeg 300w, https:\/\/raere-waggis.ch\/wordpress\/wp-content\/uploads\/2022\/02\/goschdyym-768x167.jpeg 768w\" sizes=\"auto, (max-width: 767px) 89vw, (max-width: 1000px) 54vw, (max-width: 1071px) 543px, 580px\" \/><\/figure>\n","protected":false},"excerpt":{"rendered":"<p>Unsere Laarvemacher Syt dr Faasnacht 2017 l\u00f6n mir unseri Larve bim Hans L\u00e4\u00e4dermaa in sim Atelier Bajass am Bl\u00e4siring mache. Unseri Schnyyderin In D\u00e4\u00e4rwyyl h\u00e4n mir syt em 2016 unseri neui Schnyyderin, wo ihres eigene Gesch\u00e4ft simply chic het!<\/p>\n","protected":false},"author":1,"featured_media":0,"parent":96,"menu_order":0,"comment_status":"closed","ping_status":"closed","template":"","meta":{"footnotes":""},"class_list":["post-170","page","type-page","status-publish","hentry"],"_links":{"self":[{"href":"https:\/\/raere-waggis.ch\/wordpress\/index.php\/wp-json\/wp\/v2\/pages\/170","targetHints":{"allow":["GET"]}}],"collection":[{"href":"https:\/\/raere-waggis.ch\/wordpress\/index.php\/wp-json\/wp\/v2\/pages"}],"about":[{"href":"https:\/\/raere-waggis.ch\/wordpress\/index.php\/wp-json\/wp\/v2\/types\/page"}],"author":[{"embeddable":true,"href":"https:\/\/raere-waggis.ch\/wordpress\/index.php\/wp-json\/wp\/v2\/users\/1"}],"replies":[{"embeddable":true,"href":"https:\/\/raere-waggis.ch\/wordpress\/index.php\/wp-json\/wp\/v2\/comments?post=170"}],"version-history":[{"count":9,"href":"https:\/\/raere-waggis.ch\/wordpress\/index.php\/wp-json\/wp\/v2\/pages\/170\/revisions"}],"predecessor-version":[{"id":4464,"href":"https:\/\/raere-waggis.ch\/wordpress\/index.php\/wp-json\/wp\/v2\/pages\/170\/revisions\/4464"}],"up":[{"embeddable":true,"href":"https:\/\/raere-waggis.ch\/wordpress\/index.php\/wp-json\/wp\/v2\/pages\/96"}],"wp:attachment":[{"href":"https:\/\/raere-waggis.ch\/wordpress\/index.php\/wp-json\/wp\/v2\/media?parent=170"}],"curies":[{"name":"wp","href":"https:\/\/api.w.org\/{rel}","templated":true}]}}