{"id":192,"date":"2020-01-18T19:13:11","date_gmt":"2020-01-18T19:13:11","guid":{"rendered":"http:\/\/raere-waggis.ch\/wordpress\/?page_id=192"},"modified":"2025-03-29T17:23:48","modified_gmt":"2025-03-29T16:23:48","slug":"sujet-lischte","status":"publish","type":"page","link":"https:\/\/raere-waggis.ch\/wordpress\/index.php\/infos\/sujet-lischte\/","title":{"rendered":"Sujet Lischte"},"content":{"rendered":"<div class=\"breadcrumbs align  wp-block-bcn-breadcrumb-trail has-text-color has-background\" vocab=\"https:\/\/schema.org\/\" typeof=\"BreadcrumbList\">\n\t<span><\/span>\n\t<\/div>\n\n\n\n<p><\/p>\n\n\n\n<p>Nach lange Recherche, Forschige und Gspr\u00f6\u00f6ch, h\u00e4n mir do d Sujets vo de Raere Waggis ufglischtet:<\/p>\n\n\n\n<ul class=\"wp-block-list\">\n<li><strong><a href=\"https:\/\/raere-waggis.ch\/wordpress\/index.php\/helge\/fasnacht-1967\/\" data-type=\"page\" data-id=\"4308\">1967<\/a><\/strong>:  <em>S Gr\u00fcndigsjoor vo de Raere Waggis!<\/em><\/li>\n\n\n\n<li><strong><a href=\"https:\/\/raere-waggis.ch\/wordpress\/index.php\/helge\/fasnacht-1968\/\" data-type=\"page\" data-id=\"3170\">1968<\/a><\/strong>:  <em>Uff em Wage sinn 6<\/em><\/li>\n\n\n\n<li><strong><a href=\"https:\/\/raere-waggis.ch\/wordpress\/index.php\/helge\/fasnacht-1969\/\" data-type=\"page\" data-id=\"3171\">1969<\/a><\/strong>:  <em>S kemme 7 fascht nassi Waggis<\/em><\/li>\n\n\n\n<li><strong><a href=\"https:\/\/raere-waggis.ch\/wordpress\/index.php\/helge\/fasnacht-1970\/\" data-type=\"page\" data-id=\"3148\">1970<\/a><\/strong>:  <em>8 Waggis mit em letschte Silber<\/em><\/li>\n\n\n\n<li><strong><a href=\"https:\/\/raere-waggis.ch\/wordpress\/index.php\/helge\/fasnacht-1971\/\" data-type=\"page\" data-id=\"3149\">1971<\/a><\/strong>:  <em>S wird krampft vo 8 Waggis<\/em><\/li>\n\n\n\n<li><strong><a href=\"https:\/\/raere-waggis.ch\/wordpress\/index.php\/helge\/fasnacht-1972\/\" data-type=\"page\" data-id=\"3150\">1972<\/a><\/strong>:  <em>\u2026\u2026 Ressli, z Basel stooht e Schlessli. 9 Waggis h\u00e4nn e Plausch<\/em><\/li>\n\n\n\n<li><strong><a href=\"https:\/\/raere-waggis.ch\/wordpress\/index.php\/helge\/fasnacht-1973\/\" data-type=\"page\" data-id=\"3151\">1973<\/a><\/strong>:  <em>Au mir sammle<\/em><\/li>\n\n\n\n<li><strong><a href=\"https:\/\/raere-waggis.ch\/wordpress\/index.php\/helge\/fasnacht-1974\/\" data-type=\"page\" data-id=\"3152\">1974<\/a><\/strong>:  <em>7 Lee(h)r(er)-Waggis in dr alte neye Schuel<\/em><\/li>\n\n\n\n<li><strong><a href=\"https:\/\/raere-waggis.ch\/wordpress\/index.php\/helge\/fasnacht-1975\/\" data-type=\"page\" data-id=\"3153\">1975<\/a><\/strong>:  <em>Bitte nit fiettere \/ Die 9 uff em Wage?<\/em><\/li>\n\n\n\n<li><strong><a href=\"https:\/\/raere-waggis.ch\/wordpress\/index.php\/helge\/fasnacht-1976\/\" data-type=\"page\" data-id=\"3154\">1976<\/a><\/strong>:  <em>\u201e9 Rezessivi \u2026\u201c<\/em><\/li>\n\n\n\n<li><strong><a href=\"https:\/\/raere-waggis.ch\/wordpress\/index.php\/helge\/fasnacht-1977\/\" data-type=\"page\" data-id=\"3155\">1977<\/a><\/strong>:  <em>Mir 8 sinn zum 10. mool uff dr Route<\/em><\/li>\n\n\n\n<li><strong><a href=\"https:\/\/raere-waggis.ch\/wordpress\/index.php\/helge\/fasnacht-1978\/\" data-type=\"page\" data-id=\"3156\">1978<\/a><\/strong>:  <em>Mir h\u00e4nn e Pflanzbl\u00e4tz gj\u00e4ttet \u2026 7 Waggis im ene Gmiesstand<\/em><\/li>\n\n\n\n<li><strong><a href=\"https:\/\/raere-waggis.ch\/wordpress\/index.php\/helge\/fasnacht-1979\/\" data-type=\"page\" data-id=\"3157\">1979<\/a><\/strong>:  <em>S Sujet isch nit bekannt! Dr Waage isch e F\u00e4\u00e4ri. Es git kei Yytraag im R\u00e4d\u00e4b\u00e4ng!<\/em><\/li>\n\n\n\n<li><strong><a href=\"https:\/\/raere-waggis.ch\/wordpress\/index.php\/helge\/fasnacht-1980\/\" data-type=\"page\" data-id=\"3123\">1980<\/a><\/strong>:  <em>Acht im Dino-Sau-G\u00e4rtli<\/em><\/li>\n\n\n\n<li><strong><a href=\"https:\/\/raere-waggis.ch\/wordpress\/index.php\/helge\/fasnacht-1981\/\" data-type=\"page\" data-id=\"3124\">1981<\/a><\/strong>:  <em>Mir h\u00e4nss Strau nit im Kopf: E Laiterwage mit 8 Waggis<\/em><\/li>\n\n\n\n<li><strong><a href=\"https:\/\/raere-waggis.ch\/wordpress\/index.php\/helge\/fasnacht-1982\/\" data-type=\"page\" data-id=\"3125\">1982<\/a><\/strong>:  <em>Kei Sujet, kei Fasnacht. Unseri Sch\u00fc\u00fcre het brend! (Kei Yytraag im R\u00e4d\u00e4b\u00e4ng)<\/em><\/li>\n\n\n\n<li><strong><a href=\"https:\/\/raere-waggis.ch\/wordpress\/index.php\/helge\/fasnacht-1983\/\" data-type=\"page\" data-id=\"3126\">1983<\/a><\/strong>:  <em>Wie dr Ph\u00f6nix uus dr \u00c4sche \u2013 mir sin wieder doo! &#8211; Dr Wage: \u00e4cht \u00c4sche \u2013 nai! D Kost\u00fcm sin e weeneli mehr als \u00c4sche (8)<\/em><\/li>\n\n\n\n<li><strong><a href=\"https:\/\/raere-waggis.ch\/wordpress\/index.php\/helge\/fasnacht-1984\/\" data-type=\"page\" data-id=\"3127\">1984<\/a><\/strong>:  <em>E suuberi Sach: ARA-bisch au suuber?! Maine 7, wo wisse, was wyss isch<\/em><\/li>\n\n\n\n<li><strong><a href=\"https:\/\/raere-waggis.ch\/wordpress\/index.php\/helge\/fasnacht-1985\/\" data-type=\"page\" data-id=\"3128\">1985<\/a><\/strong>:  <em>Nit verborge &#8211; nai verborkt! Dr Wage isch e r\u00e4cht verborkti Sach, mit hoffentlig nit verborgene Waggis<\/em><\/li>\n\n\n\n<li><strong><a href=\"https:\/\/raere-waggis.ch\/wordpress\/index.php\/helge\/fasnacht-1986\/\" data-type=\"page\" data-id=\"3129\">1986<\/a><\/strong><em>:  Vo Kopf bis Fuess Bogg \u2013 Mir dien am M\u00e4ntig und am Mittwuch st\u00e4che<\/em><\/li>\n\n\n\n<li><strong><a href=\"https:\/\/raere-waggis.ch\/wordpress\/index.php\/helge\/fasnacht-1987\/\" data-type=\"page\" data-id=\"3130\">1987<\/a><\/strong>:  <em>20 Mool M\u00e4ntig, Zyschtig, Mittwuch fyyre 7 volljeerigi Waggis im Wage fir sich ellai<\/em><\/li>\n\n\n\n<li><strong><a href=\"https:\/\/raere-waggis.ch\/wordpress\/index.php\/helge\/fasnacht-1988\/\" data-type=\"page\" data-id=\"3131\">1988<\/a><\/strong>:  <em>Mir sin alli im glyyche Boot: Dr Wage k\u00e4mpft sich wagger duur alli W\u00e4lle<\/em><\/li>\n\n\n\n<li><strong><a href=\"https:\/\/raere-waggis.ch\/wordpress\/index.php\/helge\/fasnacht-1989\/\" data-type=\"page\" data-id=\"3132\">1989<\/a><\/strong>:  <em>Grunz, grunz, grunz: E Wildsauerei mit Erle-Lange-Wildsey<\/em><\/li>\n\n\n\n<li><strong><a href=\"https:\/\/raere-waggis.ch\/wordpress\/index.php\/helge\/fasnacht-1990\/\" data-type=\"page\" data-id=\"3118\">1990<\/a><\/strong>:  <em>Mir schaffe drey D\u00e4\u00e4g fir d&#8217;Stadt: vo unde bis obe Waggis \/ Mir Zaige vo allne ebbis<\/em><\/li>\n\n\n\n<li><strong><a href=\"https:\/\/raere-waggis.ch\/wordpress\/index.php\/helge\/fasnacht-1991\/\" data-type=\"page\" data-id=\"3117\">1991<\/a><\/strong>:  <em>Vo fyyre kai Reed \/ ++++ und trotzd\u00e4m kein 13er \/ &#8211; 8 wo nit ganz 700 Joor fyyre<\/em><\/li>\n\n\n\n<li><strong><a href=\"https:\/\/raere-waggis.ch\/wordpress\/index.php\/helge\/fasnacht-1992\/\" data-type=\"page\" data-id=\"3112\">1992<\/a><\/strong>:  <em>Mir 10 dien jubiliere \/ Im Jubelhuus (nit Fraidehuus)<\/em><\/li>\n\n\n\n<li><strong><a href=\"https:\/\/raere-waggis.ch\/wordpress\/index.php\/helge\/fasnacht-1993\/\" data-type=\"page\" data-id=\"3111\">1993<\/a><\/strong>:  <em>Mir 10 sinn vom Sammel-Virus befalle!<\/em><\/li>\n\n\n\n<li><strong><a href=\"https:\/\/raere-waggis.ch\/wordpress\/index.php\/helge\/fasnacht-1994\/\" data-type=\"page\" data-id=\"3110\">1994<\/a><\/strong>:  <em>Comit\u00e9gleen oder Gleen vom Comit\u00e9?! Es so sottsch nit uf d Route \/ 10 verschauggleti Waggis<\/em><\/li>\n\n\n\n<li><strong><a href=\"https:\/\/raere-waggis.ch\/wordpress\/index.php\/helge\/fasnacht-1995\/\" data-type=\"page\" data-id=\"3109\">1995<\/a><\/strong>:  <em>Mir len dr Saich dr Bach ab<\/em><\/li>\n\n\n\n<li><strong><a href=\"https:\/\/raere-waggis.ch\/wordpress\/index.php\/helge\/fasnacht-1996\/\" data-type=\"page\" data-id=\"3104\">1996<\/a><\/strong>:  <em>12 yypaggti Waggis<\/em><\/li>\n\n\n\n<li><strong><a href=\"https:\/\/raere-waggis.ch\/wordpress\/index.php\/helge\/fasnacht-1997\/\" data-type=\"page\" data-id=\"3103\">1997<\/a><\/strong>:  <em>Mir zw\u00f6lf fyyre 30 Joor R\u00e4re-Waggis<\/em><\/li>\n\n\n\n<li><strong><a href=\"https:\/\/raere-waggis.ch\/wordpress\/index.php\/helge\/fasnacht-1998\/\" data-type=\"page\" data-id=\"3102\">1998<\/a><\/strong>: <em> Kei Sujet! Mir h\u00e4n e Strauwaage! (Kei Yytrag im R\u00e4d\u00e4b\u00e4ng)<\/em><\/li>\n\n\n\n<li><strong><a href=\"https:\/\/raere-waggis.ch\/wordpress\/index.php\/helge\/fasnacht-1999\/\" data-type=\"page\" data-id=\"3101\">1999<\/a><\/strong>:  <em>Bay, Bay, Good Bay \/ Dr Wooghof losst griesse<\/em><\/li>\n\n\n\n<li><strong><a href=\"https:\/\/raere-waggis.ch\/wordpress\/index.php\/helge\/fasnacht-2000\/\" data-type=\"page\" data-id=\"3095\">2000<\/a><\/strong>:  <em>Mir l\u00e4ngen is an Kopf! Dr Waage zeigt worum!<\/em><\/li>\n\n\n\n<li><strong><a href=\"https:\/\/raere-waggis.ch\/wordpress\/index.php\/helge\/fasnacht-2001\/\" data-type=\"page\" data-id=\"3094\">2001<\/a><\/strong>:  <em>Mir l\u00e4\u00e4se gratis d Zytige quer duure<\/em><\/li>\n\n\n\n<li><strong><a href=\"https:\/\/raere-waggis.ch\/wordpress\/index.php\/helge\/fasnacht-2002\/\" data-type=\"page\" data-id=\"3093\">2002<\/a><\/strong>:  <em>Ruggbligg uf die letschte 35 Joor<\/em><\/li>\n\n\n\n<li><strong><a href=\"https:\/\/raere-waggis.ch\/wordpress\/index.php\/helge\/fasnacht-2003\/\" data-type=\"page\" data-id=\"3088\">2003<\/a><\/strong>:  <em>Basel im Container Fieber<\/em><\/li>\n\n\n\n<li><strong><a href=\"https:\/\/raere-waggis.ch\/wordpress\/index.php\/helge\/fasnacht-2004\/\" data-type=\"page\" data-id=\"3175\">2004<\/a><\/strong>:  <em>Basel isch banggrotteli \/ das zeige mir 8 Dotteli!<\/em><\/li>\n\n\n\n<li><strong><a href=\"https:\/\/raere-waggis.ch\/wordpress\/index.php\/helge\/fasnacht-2005\/\" data-type=\"page\" data-id=\"3192\">2005<\/a><\/strong>:  <em>Unseri Combinos sin kaputt \/ Mr w\u00e4rfe si in Schutt \/ Und holen is n\u00e4mmli \/ e langsams B\u00e4rner Dr\u00e4mmli<\/em><\/li>\n\n\n\n<li><strong><a href=\"https:\/\/raere-waggis.ch\/wordpress\/index.php\/helge\/fasnacht-2006\/\" data-type=\"page\" data-id=\"598\">2006<\/a><\/strong>:  1<em>2 Waggis in vorgschryybener Biirgergluft f\u00fcr e glaighyysled Stadtbild<\/em><\/li>\n\n\n\n<li><strong><a href=\"https:\/\/raere-waggis.ch\/wordpress\/index.php\/helge\/fasnacht-2007\/\" data-type=\"page\" data-id=\"594\">2007<\/a><\/strong>:  <em>D Strooss gheert uns und d Gass de Raere<\/em><\/li>\n\n\n\n<li><strong><a href=\"https:\/\/raere-waggis.ch\/wordpress\/index.php\/helge\/fasnacht-2008\/\" data-type=\"page\" data-id=\"591\">2008<\/a><\/strong>:  <em>Vor luuter Kultur isch alles verbotte<\/em><\/li>\n\n\n\n<li><strong><a href=\"https:\/\/raere-waggis.ch\/wordpress\/index.php\/helge\/fasnacht-2009\/\" data-type=\"page\" data-id=\"588\">2009<\/a><\/strong>:  <em>Dytschi integriere und intrigiere!<\/em><\/li>\n\n\n\n<li><strong><a href=\"https:\/\/raere-waggis.ch\/wordpress\/index.php\/helge\/fasnacht-2010\/\" data-type=\"page\" data-id=\"585\">2010<\/a><\/strong>:  <em>Drotz Fynanz- und Wirtschaftsgryyse, leen mir uns d Fasnacht nit vermyyse!<\/em><\/li>\n\n\n\n<li><strong><a href=\"https:\/\/raere-waggis.ch\/wordpress\/index.php\/helge\/fasnacht-2011\/\" data-type=\"page\" data-id=\"581\">2011<\/a><\/strong>:  <em>Drotz dr Wiirtschaft, no immer schyyter; goot s uf Pump, aber mit Prunk so wyter!<\/em><\/li>\n\n\n\n<li><strong><a href=\"https:\/\/raere-waggis.ch\/wordpress\/index.php\/helge\/fasnacht-2012\/\" data-type=\"page\" data-id=\"576\">2012<\/a><\/strong>:  <em>Drotz Sujet h\u00e4n mir das Joor kaini R\u00f6gg, e Raere Castle, wie allewyyl nur mit B\u00f6gg<\/em><\/li>\n\n\n\n<li><strong><a href=\"https:\/\/raere-waggis.ch\/wordpress\/index.php\/helge\/fasnacht-2013\/\" data-type=\"page\" data-id=\"573\">2013<\/a><\/strong>:  <em>D Raere faare uff dr Brunzhuus-W\u00e4lle<\/em><\/li>\n\n\n\n<li><strong><a href=\"https:\/\/raere-waggis.ch\/wordpress\/index.php\/helge\/fasnacht-2014\/\" data-type=\"page\" data-id=\"459\">2014<\/a><\/strong>:  <em>D Raere im olympische Schnee; Mit Staart-Hyysli und Ch\u00e2let<\/em><\/li>\n\n\n\n<li><strong><a href=\"https:\/\/raere-waggis.ch\/wordpress\/index.php\/helge\/fasnacht-2015-2\/\" data-type=\"page\" data-id=\"454\">2015<\/a><\/strong>:  <em>Gits Hochbetriib uff em Ryy &#8211; isch s mit em Baggerschiff verbyy!<\/em><\/li>\n\n\n\n<li><strong><a href=\"https:\/\/raere-waggis.ch\/wordpress\/index.php\/helge\/fasnacht-2016\/\" data-type=\"page\" data-id=\"437\">2016<\/a><\/strong>:  <em>Dr B\u00e4\u00e4rg rieft!<\/em><\/li>\n\n\n\n<li><strong><a href=\"https:\/\/raere-waggis.ch\/wordpress\/index.php\/helge\/fasnacht-2017\/\" data-type=\"page\" data-id=\"433\">2017<\/a><\/strong>: <em> Syt 50 Joor uff dr Gass!<\/em><\/li>\n\n\n\n<li><strong><a href=\"https:\/\/raere-waggis.ch\/wordpress\/index.php\/helge\/fasnacht-2018\/\" data-type=\"page\" data-id=\"429\">2018<\/a><\/strong>:  <em>Mir gseen root!<\/em><\/li>\n\n\n\n<li><strong><a href=\"https:\/\/raere-waggis.ch\/wordpress\/index.php\/helge\/fasnacht-2019\/\" data-type=\"page\" data-id=\"212\">2019<\/a><\/strong>:  <em>Mir spiile grad kai Sujet us, neitraal derbyy isch unsere Gnuss!<\/em><\/li>\n\n\n\n<li><strong><a href=\"https:\/\/raere-waggis.ch\/wordpress\/index.php\/helge\/fasnacht-2020\/\" data-type=\"page\" data-id=\"4311\">2020<\/a><\/strong>: <em> Kei Sujet! D Fasnacht findet w\u00e4ge Covid19 nit statt!<\/em><\/li>\n\n\n\n<li><strong><a href=\"https:\/\/raere-waggis.ch\/wordpress\/index.php\/helge\/fasnacht-2021\/\" data-type=\"page\" data-id=\"4317\">2021<\/a><\/strong>:  <em>Kei Sujet! D Fasnacht findet wieder w\u00e4ge Covid19 nit statt!<\/em><\/li>\n\n\n\n<li><strong><a href=\"https:\/\/raere-waggis.ch\/wordpress\/index.php\/helge\/fasnacht-2022\/\" data-type=\"page\" data-id=\"4318\">2022<\/a><\/strong>: <em> Kei Sujet! D Fasnacht findet zwar statt, aber ohni W\u00e4\u00e4ge!<\/em><\/li>\n\n\n\n<li><a href=\"https:\/\/raere-waggis.ch\/wordpress\/index.php\/helge\/fasnacht-2023\/\" data-type=\"page\" data-id=\"4954\"><strong>2023<\/strong><\/a>: <em> Demonschtriere statt intrigiere!<\/em><\/li>\n\n\n\n<li><strong><a href=\"https:\/\/raere-waggis.ch\/wordpress\/index.php\/helge\/fasnacht-2024\/\" data-type=\"page\" data-id=\"5354\">2024<\/a>:<\/strong> <em>D Raere spiegle &#8230; Dr Spiegel &#8230; di Gsicht &#8230;<\/em><\/li>\n\n\n\n<li><strong><a href=\"https:\/\/raere-waggis.ch\/wordpress\/index.php\/helge\/fasnacht-2025\/\" data-type=\"page\" data-id=\"5579\">2025<\/a>: <\/strong><em>Annus Sanctus!<\/em><\/li>\n<\/ul>\n\n\n\n<p><\/p>\n","protected":false},"excerpt":{"rendered":"<p>Nach lange Recherche, Forschige und Gspr\u00f6\u00f6ch, h\u00e4n mir do d Sujets vo de Raere Waggis ufglischtet:<\/p>\n","protected":false},"author":1,"featured_media":0,"parent":96,"menu_order":0,"comment_status":"closed","ping_status":"closed","template":"","meta":{"footnotes":""},"class_list":["post-192","page","type-page","status-publish","hentry"],"_links":{"self":[{"href":"https:\/\/raere-waggis.ch\/wordpress\/index.php\/wp-json\/wp\/v2\/pages\/192","targetHints":{"allow":["GET"]}}],"collection":[{"href":"https:\/\/raere-waggis.ch\/wordpress\/index.php\/wp-json\/wp\/v2\/pages"}],"about":[{"href":"https:\/\/raere-waggis.ch\/wordpress\/index.php\/wp-json\/wp\/v2\/types\/page"}],"author":[{"embeddable":true,"href":"https:\/\/raere-waggis.ch\/wordpress\/index.php\/wp-json\/wp\/v2\/users\/1"}],"replies":[{"embeddable":true,"href":"https:\/\/raere-waggis.ch\/wordpress\/index.php\/wp-json\/wp\/v2\/comments?post=192"}],"version-history":[{"count":15,"href":"https:\/\/raere-waggis.ch\/wordpress\/index.php\/wp-json\/wp\/v2\/pages\/192\/revisions"}],"predecessor-version":[{"id":5773,"href":"https:\/\/raere-waggis.ch\/wordpress\/index.php\/wp-json\/wp\/v2\/pages\/192\/revisions\/5773"}],"up":[{"embeddable":true,"href":"https:\/\/raere-waggis.ch\/wordpress\/index.php\/wp-json\/wp\/v2\/pages\/96"}],"wp:attachment":[{"href":"https:\/\/raere-waggis.ch\/wordpress\/index.php\/wp-json\/wp\/v2\/media?parent=192"}],"curies":[{"name":"wp","href":"https:\/\/api.w.org\/{rel}","templated":true}]}}