{"id":3175,"date":"2022-01-27T21:42:17","date_gmt":"2022-01-27T20:42:17","guid":{"rendered":"https:\/\/raere-waggis.ch\/wordpress\/?page_id=3175"},"modified":"2022-03-02T18:40:09","modified_gmt":"2022-03-02T17:40:09","slug":"fasnacht-2004","status":"publish","type":"page","link":"https:\/\/raere-waggis.ch\/wordpress\/index.php\/helge\/fasnacht-2004\/","title":{"rendered":"Fasnacht 2004"},"content":{"rendered":"<div class=\"breadcrumbs align  wp-block-bcn-breadcrumb-trail has-text-color has-background\" vocab=\"https:\/\/schema.org\/\" typeof=\"BreadcrumbList\">\n\t<span><\/span>\n\t<\/div>\n\n\n\n<p><\/p>\n\n\n\n<div class=\"wp-block-group\"><div class=\"wp-block-group__inner-container is-layout-flow wp-block-group-is-layout-flow\">\n<div class=\"wp-block-media-text alignwide is-stacked-on-mobile is-vertically-aligned-center\" style=\"grid-template-columns:31% auto\"><figure class=\"wp-block-media-text__media\"><a href=\"https:\/\/raere-waggis.ch\/wordpress\/wp-content\/uploads\/2022\/02\/2004-blaggedde-1.jpg\"><img loading=\"lazy\" decoding=\"async\" width=\"768\" height=\"1024\" src=\"https:\/\/raere-waggis.ch\/wordpress\/wp-content\/uploads\/2022\/02\/2004-blaggedde-1-768x1024.jpg\" alt=\"\" class=\"wp-image-4409 size-full\" srcset=\"https:\/\/raere-waggis.ch\/wordpress\/wp-content\/uploads\/2022\/02\/2004-blaggedde-1-768x1024.jpg 768w, https:\/\/raere-waggis.ch\/wordpress\/wp-content\/uploads\/2022\/02\/2004-blaggedde-1-225x300.jpg 225w, https:\/\/raere-waggis.ch\/wordpress\/wp-content\/uploads\/2022\/02\/2004-blaggedde-1-1152x1536.jpg 1152w, https:\/\/raere-waggis.ch\/wordpress\/wp-content\/uploads\/2022\/02\/2004-blaggedde-1.jpg 1512w\" sizes=\"auto, (max-width: 767px) 89vw, (max-width: 1000px) 54vw, (max-width: 1071px) 543px, 580px\" \/><\/a><\/figure><div class=\"wp-block-media-text__content\">\n<p><strong>Unseri H\u00e8lge vo dr Fasnacht 2004<\/strong><\/p>\n\n\n\n<ul class=\"wp-block-list\"><li><a href=\"https:\/\/raere-waggis.ch\/wordpress\/index.php\/helge\/fasnacht-2004\/waagebau-2004\/\" data-type=\"page\" data-id=\"3181\">Waagebau<\/a><\/li><li><a href=\"https:\/\/raere-waggis.ch\/wordpress\/index.php\/helge\/fasnacht-2004\/dauffi-2004\/\" data-type=\"page\" data-id=\"3178\">Dauffi<\/a><\/li><li><a href=\"https:\/\/raere-waggis.ch\/wordpress\/index.php\/helge\/fasnacht-2004\/maeaentig-2004\/\" data-type=\"page\" data-id=\"3179\">M\u00e4\u00e4ntig<\/a><\/li><li><a href=\"https:\/\/raere-waggis.ch\/wordpress\/index.php\/helge\/fasnacht-2004\/mittwuch-2004\/\" data-type=\"page\" data-id=\"3180\">Mittwuch<\/a><\/li><li><a href=\"https:\/\/raere-waggis.ch\/wordpress\/index.php\/helge\/fasnacht-2004\/bummel-2004\/\" data-type=\"page\" data-id=\"3177\">Bummel<\/a><\/li><li><a href=\"https:\/\/raere-waggis.ch\/wordpress\/index.php\/helge\/fasnacht-2004\/summblausch-2004\/\" data-type=\"page\" data-id=\"3176\">Summerblausch<\/a><\/li><\/ul>\n\n\n\n<p><\/p>\n<\/div><\/div>\n<\/div><\/div>\n\n\n\n<p><strong>Unser Sujet<\/strong><br>Basel isch banggrotteli, das zeige mir 8 Dotteli.<br><\/p>\n\n\n\n<p><strong>Comit\u00e9 Sujet<\/strong><br>&#171;Kai Blatt vors Muul&#187;<\/p>\n","protected":false},"excerpt":{"rendered":"<p>Unseri H\u00e8lge vo dr Fasnacht 2004 Waagebau Dauffi M\u00e4\u00e4ntig Mittwuch Bummel Summerblausch Unser SujetBasel isch banggrotteli, das zeige mir 8 Dotteli. Comit\u00e9 Sujet&#171;Kai Blatt vors Muul&#187;<\/p>\n","protected":false},"author":1,"featured_media":0,"parent":136,"menu_order":0,"comment_status":"closed","ping_status":"closed","template":"","meta":{"footnotes":""},"class_list":["post-3175","page","type-page","status-publish","hentry"],"_links":{"self":[{"href":"https:\/\/raere-waggis.ch\/wordpress\/index.php\/wp-json\/wp\/v2\/pages\/3175","targetHints":{"allow":["GET"]}}],"collection":[{"href":"https:\/\/raere-waggis.ch\/wordpress\/index.php\/wp-json\/wp\/v2\/pages"}],"about":[{"href":"https:\/\/raere-waggis.ch\/wordpress\/index.php\/wp-json\/wp\/v2\/types\/page"}],"author":[{"embeddable":true,"href":"https:\/\/raere-waggis.ch\/wordpress\/index.php\/wp-json\/wp\/v2\/users\/1"}],"replies":[{"embeddable":true,"href":"https:\/\/raere-waggis.ch\/wordpress\/index.php\/wp-json\/wp\/v2\/comments?post=3175"}],"version-history":[{"count":12,"href":"https:\/\/raere-waggis.ch\/wordpress\/index.php\/wp-json\/wp\/v2\/pages\/3175\/revisions"}],"predecessor-version":[{"id":4810,"href":"https:\/\/raere-waggis.ch\/wordpress\/index.php\/wp-json\/wp\/v2\/pages\/3175\/revisions\/4810"}],"up":[{"embeddable":true,"href":"https:\/\/raere-waggis.ch\/wordpress\/index.php\/wp-json\/wp\/v2\/pages\/136"}],"wp:attachment":[{"href":"https:\/\/raere-waggis.ch\/wordpress\/index.php\/wp-json\/wp\/v2\/media?parent=3175"}],"curies":[{"name":"wp","href":"https:\/\/api.w.org\/{rel}","templated":true}]}}