{"id":3192,"date":"2022-01-27T21:48:34","date_gmt":"2022-01-27T20:48:34","guid":{"rendered":"https:\/\/raere-waggis.ch\/wordpress\/?page_id=3192"},"modified":"2022-03-02T18:39:59","modified_gmt":"2022-03-02T17:39:59","slug":"fasnacht-2005","status":"publish","type":"page","link":"https:\/\/raere-waggis.ch\/wordpress\/index.php\/helge\/fasnacht-2005\/","title":{"rendered":"Fasnacht 2005"},"content":{"rendered":"<div class=\"breadcrumbs align  wp-block-bcn-breadcrumb-trail has-text-color has-background\" vocab=\"https:\/\/schema.org\/\" typeof=\"BreadcrumbList\">\n\t<span><\/span>\n\t<\/div>\n\n\n\n<p><\/p>\n\n\n\n<div class=\"wp-block-group\"><div class=\"wp-block-group__inner-container is-layout-flow wp-block-group-is-layout-flow\">\n<div class=\"wp-block-media-text alignwide is-stacked-on-mobile is-vertically-aligned-center\" style=\"grid-template-columns:40% auto\"><figure class=\"wp-block-media-text__media\"><a href=\"https:\/\/raere-waggis.ch\/wordpress\/wp-content\/uploads\/2022\/02\/2005-blaggedde-2.jpg\"><img loading=\"lazy\" decoding=\"async\" width=\"1024\" height=\"1002\" src=\"https:\/\/raere-waggis.ch\/wordpress\/wp-content\/uploads\/2022\/02\/2005-blaggedde-2-1024x1002.jpg\" alt=\"\" class=\"wp-image-4407 size-full\" srcset=\"https:\/\/raere-waggis.ch\/wordpress\/wp-content\/uploads\/2022\/02\/2005-blaggedde-2-1024x1002.jpg 1024w, https:\/\/raere-waggis.ch\/wordpress\/wp-content\/uploads\/2022\/02\/2005-blaggedde-2-300x294.jpg 300w, https:\/\/raere-waggis.ch\/wordpress\/wp-content\/uploads\/2022\/02\/2005-blaggedde-2-768x752.jpg 768w, https:\/\/raere-waggis.ch\/wordpress\/wp-content\/uploads\/2022\/02\/2005-blaggedde-2.jpg 1143w\" sizes=\"auto, (max-width: 767px) 89vw, (max-width: 1000px) 54vw, (max-width: 1071px) 543px, 580px\" \/><\/a><\/figure><div class=\"wp-block-media-text__content\">\n<p><strong>Unseri H\u00e8lge vo dr Fasnacht 2005<\/strong><\/p>\n\n\n\n<ul class=\"wp-block-list\"><li><a href=\"https:\/\/raere-waggis.ch\/wordpress\/index.php\/helge\/fasnacht-2005\/waagebau-2005\/\" data-type=\"page\" data-id=\"3198\">Waagebau<\/a><\/li><li><a href=\"https:\/\/raere-waggis.ch\/wordpress\/index.php\/helge\/fasnacht-2005\/dauffi-2005\/\" data-type=\"page\" data-id=\"3195\">Dauffi<\/a><\/li><li><a href=\"https:\/\/raere-waggis.ch\/wordpress\/index.php\/helge\/fasnacht-2005\/maeaentig-2005\/\" data-type=\"page\" data-id=\"3196\">M\u00e4\u00e4ntig<\/a><\/li><li><a href=\"https:\/\/raere-waggis.ch\/wordpress\/index.php\/helge\/fasnacht-2005\/binggis-2005\/\" data-type=\"page\" data-id=\"3193\">Binggis<\/a><\/li><li><a href=\"https:\/\/raere-waggis.ch\/wordpress\/index.php\/helge\/fasnacht-2005\/mittwuch-2005\/\" data-type=\"page\" data-id=\"3197\">Mittwuch<\/a><\/li><li><a href=\"https:\/\/raere-waggis.ch\/wordpress\/index.php\/helge\/fasnacht-2005\/bummel-2005\/\" data-type=\"page\" data-id=\"3194\">Bummel<\/a><\/li><\/ul>\n\n\n\n<p><\/p>\n<\/div><\/div>\n<\/div><\/div>\n\n\n\n<p><strong>Unser Sujet<\/strong><br>Unseri Combinos sin kaputt, Mr w\u00e4rfe si in Schutt.<br>Und holen is n\u00e4mmli, e langsams B\u00e4rner Dr\u00e4mmli<\/p>\n\n\n\n<p><strong>Comit\u00e9 Sujet<\/strong><br>&#171;N\u00e4be de Schiine&#187;<\/p>\n","protected":false},"excerpt":{"rendered":"<p>Unseri H\u00e8lge vo dr Fasnacht 2005 Waagebau Dauffi M\u00e4\u00e4ntig Binggis Mittwuch Bummel Unser SujetUnseri Combinos sin kaputt, Mr w\u00e4rfe si in Schutt.Und holen is n\u00e4mmli, e langsams B\u00e4rner Dr\u00e4mmli Comit\u00e9 Sujet&#171;N\u00e4be de Schiine&#187;<\/p>\n","protected":false},"author":1,"featured_media":0,"parent":136,"menu_order":0,"comment_status":"closed","ping_status":"closed","template":"","meta":{"footnotes":""},"class_list":["post-3192","page","type-page","status-publish","hentry"],"_links":{"self":[{"href":"https:\/\/raere-waggis.ch\/wordpress\/index.php\/wp-json\/wp\/v2\/pages\/3192","targetHints":{"allow":["GET"]}}],"collection":[{"href":"https:\/\/raere-waggis.ch\/wordpress\/index.php\/wp-json\/wp\/v2\/pages"}],"about":[{"href":"https:\/\/raere-waggis.ch\/wordpress\/index.php\/wp-json\/wp\/v2\/types\/page"}],"author":[{"embeddable":true,"href":"https:\/\/raere-waggis.ch\/wordpress\/index.php\/wp-json\/wp\/v2\/users\/1"}],"replies":[{"embeddable":true,"href":"https:\/\/raere-waggis.ch\/wordpress\/index.php\/wp-json\/wp\/v2\/comments?post=3192"}],"version-history":[{"count":8,"href":"https:\/\/raere-waggis.ch\/wordpress\/index.php\/wp-json\/wp\/v2\/pages\/3192\/revisions"}],"predecessor-version":[{"id":4809,"href":"https:\/\/raere-waggis.ch\/wordpress\/index.php\/wp-json\/wp\/v2\/pages\/3192\/revisions\/4809"}],"up":[{"embeddable":true,"href":"https:\/\/raere-waggis.ch\/wordpress\/index.php\/wp-json\/wp\/v2\/pages\/136"}],"wp:attachment":[{"href":"https:\/\/raere-waggis.ch\/wordpress\/index.php\/wp-json\/wp\/v2\/media?parent=3192"}],"curies":[{"name":"wp","href":"https:\/\/api.w.org\/{rel}","templated":true}]}}