{"id":4311,"date":"2022-02-03T20:59:46","date_gmt":"2022-02-03T19:59:46","guid":{"rendered":"https:\/\/raere-waggis.ch\/wordpress\/?page_id=4311"},"modified":"2022-03-02T18:35:19","modified_gmt":"2022-03-02T17:35:19","slug":"fasnacht-2020","status":"publish","type":"page","link":"https:\/\/raere-waggis.ch\/wordpress\/index.php\/helge\/fasnacht-2020\/","title":{"rendered":"Fasnacht 2020"},"content":{"rendered":"<div class=\"breadcrumbs align  wp-block-bcn-breadcrumb-trail has-text-color has-background\" vocab=\"https:\/\/schema.org\/\" typeof=\"BreadcrumbList\">\n\t<span><\/span>\n\t<\/div>\n\n\n\n<p><\/p>\n\n\n\n<figure class=\"wp-block-image size-large is-resized\"><a href=\"https:\/\/raere-waggis.ch\/wordpress\/wp-content\/uploads\/2022\/02\/2020-blaggedde-1-scaled.jpg\"><img loading=\"lazy\" decoding=\"async\" src=\"https:\/\/raere-waggis.ch\/wordpress\/wp-content\/uploads\/2022\/02\/2020-blaggedde-1-679x1024.jpg\" alt=\"\" class=\"wp-image-4382\" width=\"271\" height=\"408\" srcset=\"https:\/\/raere-waggis.ch\/wordpress\/wp-content\/uploads\/2022\/02\/2020-blaggedde-1-679x1024.jpg 679w, https:\/\/raere-waggis.ch\/wordpress\/wp-content\/uploads\/2022\/02\/2020-blaggedde-1-199x300.jpg 199w, https:\/\/raere-waggis.ch\/wordpress\/wp-content\/uploads\/2022\/02\/2020-blaggedde-1-768x1158.jpg 768w, https:\/\/raere-waggis.ch\/wordpress\/wp-content\/uploads\/2022\/02\/2020-blaggedde-1-1019x1536.jpg 1019w, https:\/\/raere-waggis.ch\/wordpress\/wp-content\/uploads\/2022\/02\/2020-blaggedde-1-1359x2048.jpg 1359w, https:\/\/raere-waggis.ch\/wordpress\/wp-content\/uploads\/2022\/02\/2020-blaggedde-1-scaled.jpg 1698w\" sizes=\"auto, (max-width: 271px) 100vw, 271px\" \/><\/a><\/figure>\n\n\n\n<p><strong>Unser Sujet<\/strong><br>Es git im 2020 kei Fasnacht. <br>Dorum h\u00e4n mir kei Sujet und es git keini H\u00e8lge!<\/p>\n\n\n\n<p><strong>Comit\u00e9 Sujet<\/strong><br>\u00abHeb di fescht\u00bb<br><br><strong>Dr Blaggedde V\u00e4rs vom Fasnachts-Comit\u00e9<\/strong><br>D Fasnacht bruucht e kai Kontrolle.<br>Heb di fescht, si kunnt jetz z rolle.<br>F\u00fcnf Fasn\u00e4chtler uff d\u00e4m Trotti<br>wisse, dass me daas nit sotti.<br>Aag\u00e4\u00e4 mien die f\u00fcnf do nit,<br>denn es faart eleggtrisch hit.<br>Und esoo gseesch du die Naare<br>in d Fuessg\u00e4ngerzoone faare.<br>Grad d Frau Fasnacht duets g\u00e4rn gsee.<br>Si darf halt e bitzli mee<br>und si sait, jetz hauet druff,<br>machet d Waggisschnuuren uff.<br>N\u00e4met alli draa mit Witz<br>aber au e bitzli spitz.<br>Am Majoor gfallt daas enorm.<br>Stolz gseesch d\u00e4\u00e4 mit Uniform.<br>Soone Waggis ruesst ganz scheen<br>und dr Harlekin pfyfft Deen.<br>S duet e Kind dur d Larve gnaisse<br>und e Hampfle R\u00e4ppli schmaisse.<br>Zvoorderscht styrt dr Gloon e bitz<br>und si keie nit uf d Schnitz.<br>Mit vyl Muet geen sii ans W\u00e4\u00e4rg,<br>heb di fescht, am Spaaleb\u00e4\u00e4rg.<br>Soo vyl Schwung kaasch nur dert hoole.<br>Noochemache nit empfoole.<br>D Fasnacht gseesch du soo komplett<br>uff d\u00e4m glaine Trottinett.<br>W\u00e4\u00e4r isch soone Faarzyghalter?<br>Daas isch wider d\u00e4\u00e4 Kurt Walter.<br>Sy Entwurf goot gly zum M\u00fcller<br>und d Blaggedde wird e Kn\u00fcller.<br>Heb di fescht und heb si fescht,<br>denn am Revers isch si s Bescht.<\/p>\n\n\n\n<p><\/p>\n\n\n\n<p><\/p>\n","protected":false},"excerpt":{"rendered":"<p>Unser SujetEs git im 2020 kei Fasnacht. Dorum h\u00e4n mir kei Sujet und es git keini H\u00e8lge! Comit\u00e9 Sujet\u00abHeb di fescht\u00bb Dr Blaggedde V\u00e4rs vom Fasnachts-Comit\u00e9D Fasnacht bruucht e kai Kontrolle.Heb di fescht, si kunnt jetz z rolle.F\u00fcnf Fasn\u00e4chtler uff d\u00e4m Trottiwisse, dass me daas nit sotti.Aag\u00e4\u00e4 mien die f\u00fcnf do nit,denn es faart eleggtrisch &hellip; <\/p>\n<p class=\"link-more\"><a href=\"https:\/\/raere-waggis.ch\/wordpress\/index.php\/helge\/fasnacht-2020\/\" class=\"more-link\"><span class=\"screen-reader-text\">&#171;Fasnacht 2020&#187;<\/span> weiterlesen<\/a><\/p>\n","protected":false},"author":1,"featured_media":0,"parent":136,"menu_order":0,"comment_status":"closed","ping_status":"closed","template":"","meta":{"footnotes":""},"class_list":["post-4311","page","type-page","status-publish","hentry"],"_links":{"self":[{"href":"https:\/\/raere-waggis.ch\/wordpress\/index.php\/wp-json\/wp\/v2\/pages\/4311","targetHints":{"allow":["GET"]}}],"collection":[{"href":"https:\/\/raere-waggis.ch\/wordpress\/index.php\/wp-json\/wp\/v2\/pages"}],"about":[{"href":"https:\/\/raere-waggis.ch\/wordpress\/index.php\/wp-json\/wp\/v2\/types\/page"}],"author":[{"embeddable":true,"href":"https:\/\/raere-waggis.ch\/wordpress\/index.php\/wp-json\/wp\/v2\/users\/1"}],"replies":[{"embeddable":true,"href":"https:\/\/raere-waggis.ch\/wordpress\/index.php\/wp-json\/wp\/v2\/comments?post=4311"}],"version-history":[{"count":12,"href":"https:\/\/raere-waggis.ch\/wordpress\/index.php\/wp-json\/wp\/v2\/pages\/4311\/revisions"}],"predecessor-version":[{"id":4794,"href":"https:\/\/raere-waggis.ch\/wordpress\/index.php\/wp-json\/wp\/v2\/pages\/4311\/revisions\/4794"}],"up":[{"embeddable":true,"href":"https:\/\/raere-waggis.ch\/wordpress\/index.php\/wp-json\/wp\/v2\/pages\/136"}],"wp:attachment":[{"href":"https:\/\/raere-waggis.ch\/wordpress\/index.php\/wp-json\/wp\/v2\/media?parent=4311"}],"curies":[{"name":"wp","href":"https:\/\/api.w.org\/{rel}","templated":true}]}}