{"id":459,"date":"2020-03-15T19:02:00","date_gmt":"2020-03-15T18:02:00","guid":{"rendered":"http:\/\/raere-waggis.ch\/wordpress\/?page_id=459"},"modified":"2022-03-02T18:49:55","modified_gmt":"2022-03-02T17:49:55","slug":"fasnacht-2014","status":"publish","type":"page","link":"https:\/\/raere-waggis.ch\/wordpress\/index.php\/helge\/fasnacht-2014\/","title":{"rendered":"Fasnacht 2014"},"content":{"rendered":"<div class=\"breadcrumbs align  wp-block-bcn-breadcrumb-trail has-text-color has-background\" vocab=\"https:\/\/schema.org\/\" typeof=\"BreadcrumbList\">\n\t<span><\/span>\n\t<\/div>\n\n\n\n<p><\/p>\n\n\n\n<div class=\"wp-block-group\"><div class=\"wp-block-group__inner-container is-layout-flow wp-block-group-is-layout-flow\">\n<div class=\"wp-block-media-text alignwide is-stacked-on-mobile is-vertically-aligned-center\" style=\"grid-template-columns:27% auto\"><figure class=\"wp-block-media-text__media\"><a href=\"https:\/\/raere-waggis.ch\/wordpress\/wp-content\/uploads\/2022\/02\/2014-raere-blaggedde-1.jpg\"><img loading=\"lazy\" decoding=\"async\" width=\"778\" height=\"1024\" src=\"https:\/\/raere-waggis.ch\/wordpress\/wp-content\/uploads\/2022\/02\/2014-raere-blaggedde-1-778x1024.jpg\" alt=\"\" class=\"wp-image-4511 size-full\" srcset=\"https:\/\/raere-waggis.ch\/wordpress\/wp-content\/uploads\/2022\/02\/2014-raere-blaggedde-1-778x1024.jpg 778w, https:\/\/raere-waggis.ch\/wordpress\/wp-content\/uploads\/2022\/02\/2014-raere-blaggedde-1-228x300.jpg 228w, https:\/\/raere-waggis.ch\/wordpress\/wp-content\/uploads\/2022\/02\/2014-raere-blaggedde-1-768x1011.jpg 768w, https:\/\/raere-waggis.ch\/wordpress\/wp-content\/uploads\/2022\/02\/2014-raere-blaggedde-1-1167x1536.jpg 1167w, https:\/\/raere-waggis.ch\/wordpress\/wp-content\/uploads\/2022\/02\/2014-raere-blaggedde-1.jpg 1459w\" sizes=\"auto, (max-width: 767px) 89vw, (max-width: 1000px) 54vw, (max-width: 1071px) 543px, 580px\" \/><\/a><\/figure><div class=\"wp-block-media-text__content\">\n<p><strong>Unseri H\u00e8lge vo dr Fasnacht 2014<\/strong><\/p>\n\n\n\n<ul class=\"wp-block-list\"><li><a href=\"https:\/\/raere-waggis.ch\/wordpress\/index.php\/vergangenes\/fasnacht-2014\/waagebau-2014\/\" data-type=\"page\" data-id=\"678\">Waagebau<\/a><\/li><li><a href=\"https:\/\/raere-waggis.ch\/wordpress\/index.php\/vergangenes\/fasnacht-2014\/dauffi-2014\/\" data-type=\"page\" data-id=\"675\">Dauffi<\/a><\/li><li><a href=\"https:\/\/raere-waggis.ch\/wordpress\/index.php\/vergangenes\/fasnacht-2014\/maentig-2014\/\" data-type=\"page\" data-id=\"676\">M\u00e4\u00e4ntig<\/a><\/li><li><a href=\"https:\/\/raere-waggis.ch\/wordpress\/index.php\/vergangenes\/fasnacht-2014\/binggis-2014\/\" data-type=\"page\" data-id=\"1053\">Binggis<\/a><\/li><li><a href=\"https:\/\/raere-waggis.ch\/wordpress\/index.php\/vergangenes\/fasnacht-2014\/mittwuch-2014\/\" data-type=\"page\" data-id=\"677\">Mittwuch<\/a><\/li><li><a href=\"https:\/\/raere-waggis.ch\/wordpress\/index.php\/vergangenes\/fasnacht-2014\/bummel-2014\/\" data-type=\"page\" data-id=\"674\">Bummel<\/a><\/li><\/ul>\n<\/div><\/div>\n<\/div><\/div>\n\n\n\n<p><strong>Unser Sujet<\/strong><br>&#171;D Raere im olympische Schnee<br>Mit Staart-Hyysli und Ch\u00e2let&#187;<br><br>Stoosch wie mir sicher uff de Schyy,<br>denn sottsch in Sotschi derbyy gsi syy<\/p>\n\n\n\n<p>vom vyyle speertle h\u00e4nn mir diggi Waade,<br>e Resuldaat vo dr Winter-Olympiade<\/p>\n\n\n\n<p>Im Staart-Hyysli steen mir baraad uff de Holzbr\u00e4tter<br>im Goschdyym so viel schlangger und au n\u00e4tter<\/p>\n\n\n\n<p>Mir h\u00e4nn aber nit nur uff e Winterspoort verdraut,<br>doorum h\u00e4nn mir au no e haimeligs Ch\u00e2let baut<\/p>\n\n\n\n<p><strong>Comit\u00e9 Sujet<\/strong><br>&#171;G\u00e4ll, blyb suuber&#187;<\/p>\n\n\n\n<p><strong><strong>Dr Blaggedde V\u00e4rs vom Fasnachts-Comit\u00e9<\/strong><\/strong><br>Gseesch d\u00e4 Waggis mit de Sogge<br>uf em Ochsnerkiibel hogge<br>\u00c4r sitzt guet und isch uf Zagg<br>S giengt nit uf em Bebbisagg<\/p>\n\n\n\n<p>Lueg d\u00e4 Waggis duet is nutze<br>und dr Baslerstab no butze<br>Mit dr groosse Waggisschnuure<br>git er \u201eg\u00e4ll, blyb suuber\u201c duure.<\/p>\n\n\n\n<p>Glaas, Bapyr hets als wie mee.<br>D Strooss kasch m\u00e4ngmool gar nimm gsee.<br>An der Huuswand duet ain Blinzle.<br>D\u00e4 duet nur nur V\u00e4rsli brinzle<\/p>\n\n\n\n<p>Aa h\u00e4nn si en orange Gw\u00e4ndli<br>und si h\u00e4nn ganz flinggi H\u00e4ndli.<br>Danggscheen saisch, denn g\u00e4bts eich nit,<br>w\u00e4r die Stadt e Saustall hit.<\/p>\n\n\n\n<p>G\u00e4ll, blyb suuber! Merggsches nooni?<br>Griegsch au du no z hoochi Booni?<br>G\u00e4ll, blyb suuber! Doo d\u00e4nggsch n\u00e4mli<br>Au an d Firma vo de Dr\u00e4mli.<\/p>\n\n\n\n<p>G\u00e4ll, blyb suuber, haisst hit s Motto.<br>D BKB spiilt au g\u00e4rn Lotto.<br>Duesch d Finanze gnau belychte,<br>mien si au in Lieschtel bychte.<\/p>\n\n\n\n<p>D\u00e4nggsch no wyter mit bitz Grips,<br>noo machsch Fasnacht ooni Schwips.<br>Due di jo nit sunscht no blooge<br>D Fasnacht isch die st\u00e4rggschti Drooge.<\/p>\n\n\n\n<p>Grad dr Pascal Kottmaa lacht.<br>\u00c4r hets wirgglig suuber gmacht.<br>G\u00e4ll, blyb suuber, darfsch nur saage,<br>wenn du duesch d Blaggedde draage.<br>G\u00e4ll blyb suuber, saag i spitz,<br>aber mit Humor und Witz.<\/p>\n\n\n\n<p><\/p>\n","protected":false},"excerpt":{"rendered":"<p>Unseri H\u00e8lge vo dr Fasnacht 2014 Waagebau Dauffi M\u00e4\u00e4ntig Binggis Mittwuch Bummel Unser Sujet&#171;D Raere im olympische SchneeMit Staart-Hyysli und Ch\u00e2let&#187; Stoosch wie mir sicher uff de Schyy,denn sottsch in Sotschi derbyy gsi syy vom vyyle speertle h\u00e4nn mir diggi Waade,e Resuldaat vo dr Winter-Olympiade Im Staart-Hyysli steen mir baraad uff de Holzbr\u00e4tterim Goschdyym so &hellip; <\/p>\n<p class=\"link-more\"><a href=\"https:\/\/raere-waggis.ch\/wordpress\/index.php\/helge\/fasnacht-2014\/\" class=\"more-link\"><span class=\"screen-reader-text\">&#171;Fasnacht 2014&#187;<\/span> weiterlesen<\/a><\/p>\n","protected":false},"author":1,"featured_media":0,"parent":136,"menu_order":0,"comment_status":"closed","ping_status":"closed","template":"","meta":{"footnotes":""},"class_list":["post-459","page","type-page","status-publish","hentry"],"_links":{"self":[{"href":"https:\/\/raere-waggis.ch\/wordpress\/index.php\/wp-json\/wp\/v2\/pages\/459","targetHints":{"allow":["GET"]}}],"collection":[{"href":"https:\/\/raere-waggis.ch\/wordpress\/index.php\/wp-json\/wp\/v2\/pages"}],"about":[{"href":"https:\/\/raere-waggis.ch\/wordpress\/index.php\/wp-json\/wp\/v2\/types\/page"}],"author":[{"embeddable":true,"href":"https:\/\/raere-waggis.ch\/wordpress\/index.php\/wp-json\/wp\/v2\/users\/1"}],"replies":[{"embeddable":true,"href":"https:\/\/raere-waggis.ch\/wordpress\/index.php\/wp-json\/wp\/v2\/comments?post=459"}],"version-history":[{"count":13,"href":"https:\/\/raere-waggis.ch\/wordpress\/index.php\/wp-json\/wp\/v2\/pages\/459\/revisions"}],"predecessor-version":[{"id":4821,"href":"https:\/\/raere-waggis.ch\/wordpress\/index.php\/wp-json\/wp\/v2\/pages\/459\/revisions\/4821"}],"up":[{"embeddable":true,"href":"https:\/\/raere-waggis.ch\/wordpress\/index.php\/wp-json\/wp\/v2\/pages\/136"}],"wp:attachment":[{"href":"https:\/\/raere-waggis.ch\/wordpress\/index.php\/wp-json\/wp\/v2\/media?parent=459"}],"curies":[{"name":"wp","href":"https:\/\/api.w.org\/{rel}","templated":true}]}}