{"id":4954,"date":"2023-01-31T20:09:41","date_gmt":"2023-01-31T19:09:41","guid":{"rendered":"https:\/\/raere-waggis.ch\/wordpress\/?page_id=4954"},"modified":"2023-03-06T20:29:57","modified_gmt":"2023-03-06T19:29:57","slug":"fasnacht-2023","status":"publish","type":"page","link":"https:\/\/raere-waggis.ch\/wordpress\/index.php\/helge\/fasnacht-2023\/","title":{"rendered":"Fasnacht 2023"},"content":{"rendered":"<div class=\"breadcrumbs align  wp-block-bcn-breadcrumb-trail has-text-color has-background\" vocab=\"https:\/\/schema.org\/\" typeof=\"BreadcrumbList\">\n\t<span><\/span>\n\t<\/div>\n\n\n\n<p><\/p>\n\n\n\n<div class=\"wp-block-columns alignwide are-vertically-aligned-center is-layout-flex wp-container-core-columns-is-layout-9d6595d7 wp-block-columns-is-layout-flex\">\n<div class=\"wp-block-column is-layout-flow wp-block-column-is-layout-flow\" style=\"flex-basis:35%\">\n<figure class=\"wp-block-image size-large\"><a href=\"https:\/\/raere-waggis.ch\/wordpress\/wp-content\/uploads\/2023\/02\/WhatsApp-Image-2023-02-04-at-16.18.54-edit-erne.png\"><img loading=\"lazy\" decoding=\"async\" width=\"768\" height=\"1024\" src=\"https:\/\/raere-waggis.ch\/wordpress\/wp-content\/uploads\/2023\/02\/WhatsApp-Image-2023-02-04-at-16.18.54-edit-erne-768x1024.png\" alt=\"\" class=\"wp-image-4988\" srcset=\"https:\/\/raere-waggis.ch\/wordpress\/wp-content\/uploads\/2023\/02\/WhatsApp-Image-2023-02-04-at-16.18.54-edit-erne-768x1024.png 768w, https:\/\/raere-waggis.ch\/wordpress\/wp-content\/uploads\/2023\/02\/WhatsApp-Image-2023-02-04-at-16.18.54-edit-erne-225x300.png 225w, https:\/\/raere-waggis.ch\/wordpress\/wp-content\/uploads\/2023\/02\/WhatsApp-Image-2023-02-04-at-16.18.54-edit-erne-1152x1536.png 1152w, https:\/\/raere-waggis.ch\/wordpress\/wp-content\/uploads\/2023\/02\/WhatsApp-Image-2023-02-04-at-16.18.54-edit-erne.png 1536w\" sizes=\"auto, (max-width: 767px) 89vw, (max-width: 1000px) 54vw, (max-width: 1071px) 543px, 580px\" \/><\/a><\/figure>\n<\/div>\n\n\n\n<div class=\"wp-block-column is-layout-flow wp-block-column-is-layout-flow\" style=\"flex-basis:65%\">\n<p><strong>Unseri H\u00e8lge vo dr Fasnacht 2023<\/strong><\/p>\n\n\n\n<ul class=\"wp-block-list\">\n<li><a href=\"https:\/\/raere-waggis.ch\/wordpress\/index.php\/helge\/fasnacht-2023\/waagebau-2023\/\" data-type=\"page\" data-id=\"5016\">Waagebau<\/a><\/li>\n\n\n\n<li><a href=\"https:\/\/raere-waggis.ch\/wordpress\/index.php\/helge\/fasnacht-2023\/dauffi-2023\/\" data-type=\"page\" data-id=\"5005\">Dauffi<\/a><\/li>\n\n\n\n<li><a href=\"https:\/\/raere-waggis.ch\/wordpress\/index.php\/helge\/fasnacht-2023\/maeaentig-2023\/\" data-type=\"page\" data-id=\"5003\">M\u00e4\u00e4ntig<\/a><\/li>\n\n\n\n<li><a href=\"https:\/\/raere-waggis.ch\/wordpress\/index.php\/helge\/fasnacht-2023\/binggis-2023\/\" data-type=\"page\" data-id=\"5007\">Binggis<\/a><\/li>\n\n\n\n<li><a href=\"https:\/\/raere-waggis.ch\/wordpress\/index.php\/helge\/fasnacht-2023\/mittwuch-2023\/\" data-type=\"page\" data-id=\"5004\">Mittwuch<\/a><\/li>\n\n\n\n<li><a href=\"https:\/\/raere-waggis.ch\/wordpress\/index.php\/helge\/fasnacht-2023\/bummel-2023\/\" data-type=\"page\" data-id=\"5008\">Bummel<\/a><\/li>\n<\/ul>\n<\/div>\n<\/div>\n\n\n\n<p><strong>Unser Sujet<\/strong><br>&#171;Demonschtriere statt intrigiere&#187;<\/p>\n\n\n\n<p><strong>Unser R\u00e4d\u00e4b\u00e4ng<\/strong><br>Geege alles ka me br\u00fclle; <br>mit Mensche w\u00e4nn mir d Stroosse f\u00fclle <br>Mir mobilisiere d Masse; <br>und bioggiere alli Gasse<br>D Raere, die h\u00e4nn m\u00e4chtig Dampf; <br>mir stirze uns in Klassekampf<br>S Proletariat stoot uff, hurra; <br>s Est\u00e4blischm\u00e4nt kunnt jetzt draa<br>Bisch nit z friede due di weere; <br>sunscht kasch d Entwigglig nimme keere<br>Faane schw\u00e4ngge, Schmiereriere, isch das n\u00f6tig? <br>S Dram het als versp\u00f6tig<br>Witt mit em Schatz fein go flaniere; <br>muesch di mit em P\u00f6bel arrangiere<br>Gendergr\u00e4cht, das muess es sy; <br>das goot uns voll am A&#8230;llewyl verbyy<br>Dr CO2-Ghalt stygt und stygt; <br>mit d\u00e4re W\u00e4lt h\u00e4nn mirs vergygt<br>Mir pfl\u00e4ge allewyl dr Umw\u00e4lt-Faggdoor; <br>bald haissts Ross statt Draggdoor<br>&#171;Monday for Fasnacht&#187; haisst d Devise; <br>sunscht griege mir e Gryyse<br>Bisch passiv, machsch kei Aggzioon; <br>fyylsch di langsam wien e Gloon<\/p>\n\n\n\n<p><strong>Comit\u00e9 Sujet<\/strong><br>\u00abZ\u00e4mme im Taggt\u00bb<\/p>\n\n\n\n<p><strong><strong><strong><strong>Dr Blaggedde V\u00e4rs vom Fasnachts-Comit\u00e9<\/strong><\/strong><\/strong><\/strong><br>Z\u00e4mme im Taggt<br>\u00c4ntlig, \u00e4ntlig, \u00e4ntlig, \u00e4ntlig<br>Gits \u2013 und dasch nid s\u00e4lbverst\u00e4ndlig<br>Wiider Fasnacht mit Emozioone<br>J\u00e4 und ganz ohni Reschtriggzioone<br>Vor allem wiider \u2013 dasch e S\u00e4\u00e4ge<br>Mit de Chaise mit de W\u00e4\u00e4ge<br>Alli z\u00e4mme das duet zelle<br>Mit Piccolo und mit Tschinelle<br>Mit Mim\u00f6sli und schliesslig d\u00e4ngg<br>Zooben au mit Schnitzelb\u00e4ngg<br>S driffts s Motto dorum au exaggt<br>Fir unsri Zyt \u00abZ\u00e4mme im Taggt\u00bb<br>S goht \u00e4ntlig nimme um Symptom<br>Dr Taggt a git e Metronom<br>Symbolisch hebts do e Major<br>Uff dr Blaggedde vo d\u00e4m Joor<br>Schliesslig machts denn no dr Aaschyyn<br>Dass Ueli Waggis Harlekin<br>Do fascht nimme kenne warte<br>Bis si am Vieri deerfe starte<br>Fir sone Wurf bruuchts en Idee<br>J\u00e4 gha het se dr D\u00e9sir\u00e9<br>Felix Meyer doch firs Moole<br>Isch \u00e4r dr Hamp\u00e9 denn go hoole<br>Wo si Handw\u00e4rgg wohl verstoht<br>Und dorum ganz gnau waiss wies goht<br>Pr\u00e4ggt het si und dasch dr Kn\u00fcller<br>Wie allewyl unsre Mike M\u00fcller<br>Es wird e feyni Fasnacht \u2013 w\u00e4rdets gseh<br>H\u00e4rzligscht s Fasnachts-Comit\u00e9<\/p>\n\n\n\n<p><\/p>\n","protected":false},"excerpt":{"rendered":"<p>Unseri H\u00e8lge vo dr Fasnacht 2023 Unser Sujet&#171;Demonschtriere statt intrigiere&#187; Unser R\u00e4d\u00e4b\u00e4ngGeege alles ka me br\u00fclle; mit Mensche w\u00e4nn mir d Stroosse f\u00fclle Mir mobilisiere d Masse; und bioggiere alli GasseD Raere, die h\u00e4nn m\u00e4chtig Dampf; mir stirze uns in KlassekampfS Proletariat stoot uff, hurra; s Est\u00e4blischm\u00e4nt kunnt jetzt draaBisch nit z friede due di &hellip; <\/p>\n<p class=\"link-more\"><a href=\"https:\/\/raere-waggis.ch\/wordpress\/index.php\/helge\/fasnacht-2023\/\" class=\"more-link\"><span class=\"screen-reader-text\">&#171;Fasnacht 2023&#187;<\/span> weiterlesen<\/a><\/p>\n","protected":false},"author":1,"featured_media":0,"parent":136,"menu_order":0,"comment_status":"closed","ping_status":"closed","template":"","meta":{"footnotes":""},"class_list":["post-4954","page","type-page","status-publish","hentry"],"_links":{"self":[{"href":"https:\/\/raere-waggis.ch\/wordpress\/index.php\/wp-json\/wp\/v2\/pages\/4954","targetHints":{"allow":["GET"]}}],"collection":[{"href":"https:\/\/raere-waggis.ch\/wordpress\/index.php\/wp-json\/wp\/v2\/pages"}],"about":[{"href":"https:\/\/raere-waggis.ch\/wordpress\/index.php\/wp-json\/wp\/v2\/types\/page"}],"author":[{"embeddable":true,"href":"https:\/\/raere-waggis.ch\/wordpress\/index.php\/wp-json\/wp\/v2\/users\/1"}],"replies":[{"embeddable":true,"href":"https:\/\/raere-waggis.ch\/wordpress\/index.php\/wp-json\/wp\/v2\/comments?post=4954"}],"version-history":[{"count":18,"href":"https:\/\/raere-waggis.ch\/wordpress\/index.php\/wp-json\/wp\/v2\/pages\/4954\/revisions"}],"predecessor-version":[{"id":5022,"href":"https:\/\/raere-waggis.ch\/wordpress\/index.php\/wp-json\/wp\/v2\/pages\/4954\/revisions\/5022"}],"up":[{"embeddable":true,"href":"https:\/\/raere-waggis.ch\/wordpress\/index.php\/wp-json\/wp\/v2\/pages\/136"}],"wp:attachment":[{"href":"https:\/\/raere-waggis.ch\/wordpress\/index.php\/wp-json\/wp\/v2\/media?parent=4954"}],"curies":[{"name":"wp","href":"https:\/\/api.w.org\/{rel}","templated":true}]}}