{"id":5354,"date":"2024-02-18T05:30:15","date_gmt":"2024-02-18T04:30:15","guid":{"rendered":"https:\/\/raere-waggis.ch\/wordpress\/?page_id=5354"},"modified":"2024-03-11T18:41:51","modified_gmt":"2024-03-11T17:41:51","slug":"fasnacht-2024","status":"publish","type":"page","link":"https:\/\/raere-waggis.ch\/wordpress\/index.php\/helge\/fasnacht-2024\/","title":{"rendered":"Fasnacht 2024"},"content":{"rendered":"<div class=\"breadcrumbs align  wp-block-bcn-breadcrumb-trail has-text-color has-background\" vocab=\"https:\/\/schema.org\/\" typeof=\"BreadcrumbList\">\n\t<span><\/span>\n\t<\/div>\n\n\n\n<p><\/p>\n\n\n\n<div class=\"wp-block-columns alignwide are-vertically-aligned-center is-layout-flex wp-container-core-columns-is-layout-9d6595d7 wp-block-columns-is-layout-flex\">\n<div class=\"wp-block-column is-layout-flow wp-block-column-is-layout-flow\" style=\"flex-basis:35%\">\n<figure class=\"wp-block-image size-large\"><a href=\"https:\/\/raere-waggis.ch\/wordpress\/wp-content\/uploads\/2024\/03\/2024-blaggedde-raere-robi-hintergrund-weiss3.jpg\"><img loading=\"lazy\" decoding=\"async\" width=\"768\" height=\"1024\" src=\"https:\/\/raere-waggis.ch\/wordpress\/wp-content\/uploads\/2024\/03\/2024-blaggedde-raere-robi-hintergrund-weiss3-768x1024.jpg\" alt=\"\" class=\"wp-image-5408\" srcset=\"https:\/\/raere-waggis.ch\/wordpress\/wp-content\/uploads\/2024\/03\/2024-blaggedde-raere-robi-hintergrund-weiss3-768x1024.jpg 768w, https:\/\/raere-waggis.ch\/wordpress\/wp-content\/uploads\/2024\/03\/2024-blaggedde-raere-robi-hintergrund-weiss3-225x300.jpg 225w, https:\/\/raere-waggis.ch\/wordpress\/wp-content\/uploads\/2024\/03\/2024-blaggedde-raere-robi-hintergrund-weiss3-1152x1536.jpg 1152w, https:\/\/raere-waggis.ch\/wordpress\/wp-content\/uploads\/2024\/03\/2024-blaggedde-raere-robi-hintergrund-weiss3.jpg 1536w\" sizes=\"auto, (max-width: 767px) 89vw, (max-width: 1000px) 54vw, (max-width: 1071px) 543px, 580px\" \/><\/a><\/figure>\n<\/div>\n\n\n\n<div class=\"wp-block-column is-layout-flow wp-block-column-is-layout-flow\" style=\"flex-basis:65%\">\n<p><strong>Unseri H\u00e8lge vo dr Fasnacht 2024<\/strong><\/p>\n\n\n\n<ul class=\"wp-block-list\">\n<li><a href=\"https:\/\/raere-waggis.ch\/wordpress\/index.php\/helge\/fasnacht-2024\/waagebau-2024\/\" data-type=\"page\" data-id=\"5016\">Waagebau<\/a><\/li>\n\n\n\n<li><a href=\"https:\/\/raere-waggis.ch\/wordpress\/index.php\/helge\/fasnacht-2024\/dauffi-2024\/\" data-type=\"page\" data-id=\"5005\">Dauffi<\/a><\/li>\n\n\n\n<li><a href=\"https:\/\/raere-waggis.ch\/wordpress\/index.php\/helge\/fasnacht-2024\/maeaentig-2024\/\" data-type=\"page\" data-id=\"5003\">M\u00e4\u00e4ntig<\/a><\/li>\n\n\n\n<li><a href=\"https:\/\/raere-waggis.ch\/wordpress\/index.php\/helge\/fasnacht-2024\/binggis-2024\/\" data-type=\"page\" data-id=\"5007\">Binggis<\/a><\/li>\n\n\n\n<li><a href=\"https:\/\/raere-waggis.ch\/wordpress\/index.php\/helge\/fasnacht-2024\/mittwuch-2024\/\" data-type=\"page\" data-id=\"5004\">Mittwuch<\/a><\/li>\n\n\n\n<li><a href=\"https:\/\/raere-waggis.ch\/wordpress\/index.php\/helge\/fasnacht-2024\/bummel-2024\/\" data-type=\"page\" data-id=\"5008\">Bummel<\/a><\/li>\n<\/ul>\n<\/div>\n<\/div>\n\n\n\n<p><strong>Unser Sujet<\/strong><br>\u00abD Raere spiegle &#8230; Dr Spiegel &#8230; Di Gsicht &#8230;\u00bb<\/p>\n\n\n\n<p><strong>Unser R\u00e4d\u00e4b\u00e4ng<\/strong><br>Lueg emool dryy und lueg di aa, <br>j\u00e4 im Spiegel kunnsch jetz draa<br>Wenn di no so vyyl matsch loobe, <br>dr Spiegel duet di gwiss nit loobe<br>Bisch du das am Stroosserand? <br>Wirdsch du zem greeschte Naar im Land<br>Zaigsch uff anderi mit de Finger, <br>dr Spiegel gseet di no vyyl schlimmer<br>Zie si yy dyni Pfoote, <br>j\u00e4 deerfsch drei mol roote<br>S goot nit nummen um di, um himmels Wille, <br>nimm si ab die rosa Brille<br>Dr Spiegel isch wies Gsetzt fir alli glyych, <br>eb digg, dinn, doof oger ryych<br>Besser syy als alli andre, isch di Credo, <br>vertrau de Raere, paggs yy di Ego<br>Denn \u2026 uus N\u00e4tte, Liebe Flotte <br>w\u00e4rde Duuble, Pfl\u00f6gg und Drottle<br>Lueg di aa, blyb bi dr Sach, <br>au du bisch und blybsch glai und schwach<br>D Raere spiegele, j\u00e4 s intressiert is nit die Boone, <br>es syg denn, es h\u00e4tt en Yfluss uff unseri Subvenzioone<br><br><strong>Dr V\u00e4rs vo dr Waage-Gotte an dr Dauffi<\/strong><br>Ganz spontan wurde ich angefragt \u2026 <br>E glaine Witz, mit Hochdytsch dien mir sicher nyt starte.<\/p>\n\n\n\n<p>Also nomol vo Aafang aa,<br>S\u00f6ll jo schliesslig au Fleisch am Knooche ha.<br>Huch, e grosses Exg\u00fcsi an unseri Veganer,<br>S wird s\u00e4lbschtverst\u00e4ndly no urbaner.<br>Ganz spontan bini agfrogt worde,<br>Zum do z\u2019stoh an d\u00e4m scheene Morge.\u00a0<br>Aber wurum standi denn h\u00fct wirklig do?<br>Will d Raere bald t\u00fcen uf d\u00e4m Waage stoh.<br>Au wenn i s\u2019Baslerdytsch nid beherrsche due,<br>s\u00f6tts doch l\u00e4nge f\u00fcr die Reed in aller Rueh.<br>Nid ganz so viel Zyt isch mr bliibe,<br>zum die Reed do vorne z&#8217;iiebe.<br>Erst vor paar T\u00e4g ischer cho, \u00e4s sig \u00e4 feine Zug \u2013 sogar \u00e4 flotte<br>W\u00e4r ig jetzt sini unumst\u00f6sslichi Waagegotte<br>Dennoch isch mir e Ehr do vorne z stoh,<br>Danke Bieli Nico, i hau di drnoo.<br>Heschs nit gmerkt aber pl\u00f6tzlich bisch zmitzt drin<br>Jetzt saisch dr Frau Schugger au Schuggerin<br>Gschmagg Sach, jedem das Seine &#8211; ig verstand das scho,<br>Aber muess denn no \u00fcberall \u00e4s St\u00e4rnli oder Diverses stoh<br>\u00c4s gohnt no witer &#8211; ha gmeint ig gseh nit r\u00e4cht<br>Gits neuerdings grad 72ig verschiedeni Gschl\u00e4cht<br>Ig hoff dir h\u00e4n Zyt- ig fang drum nomol ah<br>Die neui Begr\u00fcessig sells jo gendergr\u00e4cht au in sich ha<br>H\u00e4rzlig willkomme, liebi Raere Waggis*inne,<br>Familie*inne, Fr\u00fcnde*inne und sunscht no Glatti*inne.<br>Nomol:  H\u00e4rzlig willkomme, liebi Raere Waggis,<br>Familie,  Fr\u00fcnde und sunscht no Glatti<br><br>Kennsch denn s Sujet, wenn nid, denn muesch jetzt loose:<br>D Raere spiegle \u2026 Dr Spiegel .. dis Gsicht<br>Das Joor wird e Spiegel vorghalte,<br>Au wenns neh nid passt, de Junge und Alte.<br>Dr Spiegel so gross wie e Waagis Waage,<br>Do chasch di effektiv nid beklagee.<br>Vo Zyt zu Zyt e Spiegel vorzhalte,<br>das bruchts eifach, bi de Junge wie Alte.<br>S H\u00e4ndy in dr Hand,<br>Pass uf, bevor de laufsch in e Wand.<br>Lueg di doch ah &#8211; bruchsch doch no meh?<br>Hesch di nonig gneug im Spiegel gseh?<br>Uf Insta und Tiktok &#8211; meh ch\u00f6nnts au d\u00e4ngge<br>sottsch nur no d\u00e4 Sch\u00f6ne und Riiche Glaube sch\u00e4ngge<br>\u00c4 digge Charre,  \u00e4 t\u00fcri Uhr,  \u00e4 grosses Fudi und ufgspr\u00fczti Lippe<br>Und has nit verg\u00e4sse, au \u00e4 huffe Silikon in d\u00e4 beide\u2026 ~ Badzimmerfuege.<br>Aber nit verschregge &#8211; ig ha do no \u00e4 ruhige Maage.<br>Dene ch\u00f6nne mir no immer Stadt-Z\u00fcrcher saage.<br>Refektiere, erkenne und dra schaffe,<br>Sunscht bliiebe mr eifach Gsellschafts-Affe.<br>Sage mrs mol soo: D Gsellschaft z spiegle in dene Zyte,<br>Isch wie, wenn d w\u00fcrdsch das Joor dr FCB Title.<br>Ach, l\u00f6mer mol dr FCB stoh,<br>D\u00e4 hets das Joor sowiso gnoh.<br>Widme mr uns de wichtige Gschichte,<br>z.B. s Klima, do dien unsri Medie jo ab und zue chli briichte.<br>Jo schiins isch d\u00e4 Klimawandel doo,<br>Gm\u00e4ss de Medie duesch jetzt scho im Backofe stooh.<br>Us d\u00e4m grund &#8211; mir h\u00e4n uns fest m\u00fceh geh in unserer Wahl<br>Stoht d\u00e4 WaAge do als knapp fascht ganz klimaneutral<br>S Klima rette chasch vrg\u00e4sse,<br>genauso wie s Insekte fr\u00e4sse.<br>Zum s Klima rette bruchts chli meh,<br>vilicht mag dr Vas Narasimhas e glaine Zuestupf geh?<br>Ach, l\u00f6mer die Theme, meh mags bald n\u00fcm gh\u00f6re.<br>Wichtig sind doch folgendi Sache: Gsundheit, Liebi, Familie und Fr\u00fcnde<br>Und eifach wiedermol luut lache.<br><br>I ha vrnoh, \u00e4 Raere Waggis wird bald goh.<em><br><\/em>Meinsch het er scho gnueg V\u00f6gel um sich im Zolli<br>und brucht \u00e4r n\u00fcmm no 10 anderi, n\u00e4tti, sch\u00f6niTolli?<br>Kumpels,\u00a0wo ihn t\u00fcen l\u00f6chere und frooge<br>Eb das mit dene Pin vom Zolli au chli sig glooge<br>Ischs \u00e4 Zuefall? Ich bi nit sicher &#8211; j\u00e4 ich wais es nit<br>Sammlet er meinsch d\u00e4 Stutz f\u00fcr sini Fasnachtspension grad au no mit.<br>J\u00e4nu sigs wies well &#8211; verruggt w\u00e4r ihm keine<br>Si Raere H\u00e4rz schloot f\u00fcr immer wyter wurdi meine.<br>Soodeli, es isch guet und gnueg.<\/p>\n\n\n\n<p>Scho bald gohts loos, meh chas chum erwarte,<br>Die drey scheenschte D\u00e4\u00e4g dien starte.<br>Als Gotte dauff i d\u00e4 Waage mit H\u00e4rz und Seel<br>Scheeni Fasnacht z\u00e4mme: Euri Rahe(e)l!<br>Und die ganzi W\u00e4lt goht z\u2019grund,\u00a0<br>nur d Raere-Waggis bliiebe gsund.<\/p>\n\n\n\n<p><strong>Comit\u00e9 Sujet<\/strong><br>\u00abVogelfrei\u00bb<\/p>\n\n\n\n<p><strong><strong><strong><strong>Dr Blaggedde V\u00e4rs vom Fasnachts-Comit\u00e9<\/strong><\/strong><\/strong><\/strong><br>E Vogel pfyfft huhuu-guguus<br>Ych woon im neye Vogel-Huus<br>En \u00c4ffli gsellt sich no derzue<br>Und scho isch fertig mit dr Rue<br>Drumpeetend mechts no att\u00e4schtiere<br>Dr Zolli duet au jubiliere<br>En Ilp maint m\u00e4chtig fir d Aggt<br>Bruuchts klar e satte Drummel-Taggt<br>E Pinguin pyypst j\u00e4 gottsaidangg<br>Han ych jetz schon e Schnitzelbangg<br>Lutt br\u00fcllt e Lai s w\u00e4r glaub e S\u00e4\u00e4ge<br>Wenns Bhaltis g\u00e4bt wie vo de W\u00e4\u00e4ge<br>S duet sich e Giraff no dryydrugge<br>Dr Taggt aag\u00e4\u00e4 dien denn au Gugge<br>Das K\u00e4\u00e4ferfescht erinneret schyych<br>An en Aaloos &#8211; s isch dr Vrglyych<br>Zu unsrem Bruuchdum nit verkeert<br>Wenn d Fasnacht so dr Zolli eert<br>Drei D\u00e4\u00e4g isch d Alldaag-Gnoorzerei<br>Wyt w\u00e4gg &#8211; mir sinn e bitz vogelfrei<br>Kai Chef, kai Sitzig und kuum Stryt<br>Nur yystoo sott me n als zer Zyt<br>S ney Vogelhuus und s Jubil\u00e4um<br>Het denn dr Guido Happle droum<br>Zem Aaloss gnoo d Blaggedde z moole<br>S het s Comit\u00e9 drno empfoole<br>Loos GUido s miecht in d\u00e4m Fall Sinn<br>Du moolsch drzue grad no drei Pin<br>Denn zletschtam\u00e4nd wurds sich scho loone<br>Wenn zwai Basler Institutioone<br>Jetz \u00e4ndlig emool z\u00e4mmesteen<br>Das isch doch aifach wunderscheen<br>J\u00e4 d Fasnacht und dr Basler Zolli<br>Do sch\u00e4ngge mir doch s Glaas grad voll yy<br>Dr Lai br\u00fcllt lut no mit me Br\u00fcller<br>Br\u00e4ggt het si denn dr Mike M\u00fcller<br>Seer lut wirds au wenn s vieri schloot<br>Und \u00e4ndlig wider s Liecht abgoot<br>S wird dierisch, farbi und vyyl mee<br>H\u00e4rzligscht &#8211; Fasnachts-Comit\u00e9<\/p>\n","protected":false},"excerpt":{"rendered":"<p>Unseri H\u00e8lge vo dr Fasnacht 2024 Unser Sujet\u00abD Raere spiegle &#8230; Dr Spiegel &#8230; Di Gsicht &#8230;\u00bb Unser R\u00e4d\u00e4b\u00e4ngLueg emool dryy und lueg di aa, j\u00e4 im Spiegel kunnsch jetz draaWenn di no so vyyl matsch loobe, dr Spiegel duet di gwiss nit loobeBisch du das am Stroosserand? Wirdsch du zem greeschte Naar im LandZaigsch &hellip; <\/p>\n<p class=\"link-more\"><a href=\"https:\/\/raere-waggis.ch\/wordpress\/index.php\/helge\/fasnacht-2024\/\" class=\"more-link\"><span class=\"screen-reader-text\">&#171;Fasnacht 2024&#187;<\/span> weiterlesen<\/a><\/p>\n","protected":false},"author":1,"featured_media":0,"parent":136,"menu_order":0,"comment_status":"closed","ping_status":"closed","template":"","meta":{"footnotes":""},"class_list":["post-5354","page","type-page","status-publish","hentry"],"_links":{"self":[{"href":"https:\/\/raere-waggis.ch\/wordpress\/index.php\/wp-json\/wp\/v2\/pages\/5354","targetHints":{"allow":["GET"]}}],"collection":[{"href":"https:\/\/raere-waggis.ch\/wordpress\/index.php\/wp-json\/wp\/v2\/pages"}],"about":[{"href":"https:\/\/raere-waggis.ch\/wordpress\/index.php\/wp-json\/wp\/v2\/types\/page"}],"author":[{"embeddable":true,"href":"https:\/\/raere-waggis.ch\/wordpress\/index.php\/wp-json\/wp\/v2\/users\/1"}],"replies":[{"embeddable":true,"href":"https:\/\/raere-waggis.ch\/wordpress\/index.php\/wp-json\/wp\/v2\/comments?post=5354"}],"version-history":[{"count":19,"href":"https:\/\/raere-waggis.ch\/wordpress\/index.php\/wp-json\/wp\/v2\/pages\/5354\/revisions"}],"predecessor-version":[{"id":5409,"href":"https:\/\/raere-waggis.ch\/wordpress\/index.php\/wp-json\/wp\/v2\/pages\/5354\/revisions\/5409"}],"up":[{"embeddable":true,"href":"https:\/\/raere-waggis.ch\/wordpress\/index.php\/wp-json\/wp\/v2\/pages\/136"}],"wp:attachment":[{"href":"https:\/\/raere-waggis.ch\/wordpress\/index.php\/wp-json\/wp\/v2\/media?parent=5354"}],"curies":[{"name":"wp","href":"https:\/\/api.w.org\/{rel}","templated":true}]}}