{"id":5579,"date":"2025-02-12T20:43:14","date_gmt":"2025-02-12T19:43:14","guid":{"rendered":"https:\/\/raere-waggis.ch\/wordpress\/?page_id=5579"},"modified":"2026-01-25T09:26:38","modified_gmt":"2026-01-25T08:26:38","slug":"fasnacht-2025","status":"publish","type":"page","link":"https:\/\/raere-waggis.ch\/wordpress\/index.php\/helge\/fasnacht-2025\/","title":{"rendered":"Fasnacht 2025"},"content":{"rendered":"<div class=\"breadcrumbs align  wp-block-bcn-breadcrumb-trail has-text-color has-background\" vocab=\"https:\/\/schema.org\/\" typeof=\"BreadcrumbList\">\n\t<span><\/span>\n\t<\/div>\n\n\n\n<p><\/p>\n\n\n\n<div class=\"wp-block-columns alignwide are-vertically-aligned-center is-layout-flex wp-container-core-columns-is-layout-9d6595d7 wp-block-columns-is-layout-flex\">\n<div class=\"wp-block-column is-layout-flow wp-block-column-is-layout-flow\" style=\"flex-basis:35%\">\n<figure class=\"wp-block-image size-large\"><a href=\"https:\/\/raere-waggis.ch\/wordpress\/wp-content\/uploads\/2025\/03\/IMG_E3100-2-scaled.jpg\"><img loading=\"lazy\" decoding=\"async\" width=\"983\" height=\"1024\" src=\"https:\/\/raere-waggis.ch\/wordpress\/wp-content\/uploads\/2025\/03\/IMG_E3100-2-983x1024.jpg\" alt=\"\" class=\"wp-image-5777\" srcset=\"https:\/\/raere-waggis.ch\/wordpress\/wp-content\/uploads\/2025\/03\/IMG_E3100-2-983x1024.jpg 983w, https:\/\/raere-waggis.ch\/wordpress\/wp-content\/uploads\/2025\/03\/IMG_E3100-2-288x300.jpg 288w, https:\/\/raere-waggis.ch\/wordpress\/wp-content\/uploads\/2025\/03\/IMG_E3100-2-768x800.jpg 768w, https:\/\/raere-waggis.ch\/wordpress\/wp-content\/uploads\/2025\/03\/IMG_E3100-2-1475x1536.jpg 1475w, https:\/\/raere-waggis.ch\/wordpress\/wp-content\/uploads\/2025\/03\/IMG_E3100-2-1967x2048.jpg 1967w\" sizes=\"auto, (max-width: 767px) 89vw, (max-width: 1000px) 54vw, (max-width: 1071px) 543px, 580px\" \/><\/a><\/figure>\n<\/div>\n\n\n\n<div class=\"wp-block-column is-layout-flow wp-block-column-is-layout-flow\" style=\"flex-basis:65%\">\n<p><strong>Unseri H\u00e8lge vo dr Fasnacht 2025<\/strong><\/p>\n\n\n\n<ul class=\"wp-block-list\">\n<li><a href=\"https:\/\/raere-waggis.ch\/wordpress\/index.php\/helge\/fasnacht-2025\/waagebau-2025\/\" data-type=\"page\" data-id=\"5620\">Waagebau<\/a><\/li>\n\n\n\n<li><a href=\"https:\/\/raere-waggis.ch\/wordpress\/index.php\/helge\/fasnacht-2025\/dauffi-2025\/\" data-type=\"page\" data-id=\"5623\">Dauffi<\/a><\/li>\n\n\n\n<li><a href=\"https:\/\/raere-waggis.ch\/wordpress\/index.php\/helge\/fasnacht-2025\/maeaentig-2025\/\" data-type=\"page\" data-id=\"5627\">M\u00e4\u00e4ntig<\/a><\/li>\n\n\n\n<li><a href=\"https:\/\/raere-waggis.ch\/wordpress\/index.php\/helge\/fasnacht-2025\/binggis-2025\/\" data-type=\"page\" data-id=\"5629\">Binggis<\/a><\/li>\n\n\n\n<li><a href=\"https:\/\/raere-waggis.ch\/wordpress\/index.php\/helge\/fasnacht-2025\/mittwuch-2025\/\" data-type=\"page\" data-id=\"5632\">Mittwuch<\/a><\/li>\n\n\n\n<li><a href=\"https:\/\/raere-waggis.ch\/wordpress\/index.php\/helge\/fasnacht-2025\/bummel-2025\/\" data-type=\"page\" data-id=\"5634\">Bummel<\/a><\/li>\n<\/ul>\n<\/div>\n<\/div>\n\n\n\n<p><strong>Unser Sujet<\/strong><br>\u00abAnnus Sanctus!\u00bb<\/p>\n\n\n\n<p><strong>Unser R\u00e4d\u00e4b\u00e4ng<\/strong><br>Alli 25 Joor dien si jubiliere, deert in Rom<br>Uuus alle Richtige kunnt denn dr aint und ander Gnom<br>D sine w\u00e4nn si erloo, s isch allerhand, mir sinn scho zimlig gspannt<br>E Wallfaart ino Rom, mir rolle duur dr hailigi Pforte im Petersdom<br>Wie allewyyl faare mir ooni Fraue, die mien denn halt uff Gott vertraue<br>S Z\u00f6libat &#8230; famos, mir w\u00e4rdes pfl\u00e4\u00e4ge und hoffe, s git dr neetig S\u00e4\u00e4ge<br>Glaub d Raere w\u00e4rde seriees, n\u00e4mmed uns das jetz nit bees<br>Mir sin katholisch &#8230; r\u00f6misch, was nit allwyyl sch\u00f6n isch<br>Aaber s isch jo nit fir immer, sunscht wird das eppe no schlimmer<br>Die Kirche duet sich oft blamiere, mir h\u00e4lfte g\u00e4rn, deert bim Saniere<br>D Raere fyyre dissjoor dr &#171;Annus Sanctus&#187;<br>Klar, erwarte mir vom Comit\u00e9 e grossziigig Obolus<br>Mir mien uns nit nei grinde in dr Hoffnig, d SInde dien verschwinde<br>Die drei scheenschte D\u00e4\u00e4g sinn unsri Frinde, mir erleen uns alli Sinde<br><br><strong>Dr V\u00e4rs vo dr Waage-Gotte an dr Dauffi<\/strong><br>D\u2019Waagegotte, Heiligi Barbara das bi ich!<br>d Raere Schutzpatronin f\u00fcr das Joor, i m\u00f6chte euch alli h\u00e4rzlich begriesse<\/p>\n\n\n\n<p>D\u2019Kirche  uff em Waage isch guet ersichtlich, darum e gratis Tipp, <br>n\u00e4mmed besser keine glaine bube mit!<br><br>Brueder Baumeister Wiedemaa het plant,  als ob \u00e4r vor&#8217;s j\u00fcngste Gricht muess Stoh! <br>Aber zum Gl\u00fcck muess \u00e4r friehschtens nach dr Fasncht go, <br>das het dr lieb\u00e4 Herr ihm Himmel ihm nach d\u00e4re tolle Leischtig gloo! <br><br>mit S\u00e4\u00e4ge, Freud und viel Tamtam, isch d\u00e4 waage do gerboore, <br>d Enerige und f\u00fcr dMotivation h\u00e4nd Raere uff dr Kaffi vom Brueder Martin gschwoore.<br><br>Ganz fromm, wi\u00e4e anderi am Sunntig in Kirche g\u00f6nn, <br>h\u00e4n d Raere am Samschtig mit festem Glaube d\u00e4 Waage erstellt.<br>Doch fromm bliebe w\u00e4rde d Raere Brieder nid, <br>sobald d\u00e4 Waage tauft isch, jo denn wird\u2019s wild!<br><br>N\u00fct f\u00fcr d Kirche wird in de n\u00e4gschte drei D\u00e4\u00e4g passiere, <br>das ka i euch mit Gottes s\u00e4\u00e4ge garantiere!<br><br>D\u2019Fasnacht schreit, d\u2019Glocke schalle,<br>und dir Raere lache, tanze und trinke die ganzi Nacht!<br>Raere Waggis, wild, versaut, frei an dr Fasnacht, so s\u00f6tts au si!<br>Jetzt m\u00f6cht i euch gar nid lang warte loh und s\u00e4\u00e4gne d\u00e4 Waage do!<br>Mit Bier, Schnaps und Fasnachts-Fantasie!<br>Ufd &#8218;Waggentaufi stosset ah,<br>mir schreie luut, Heillige Raere Hurra!<\/p>\n\n\n\n<p><strong>Comit\u00e9 Sujet<\/strong><br>\u00abSyg wie de wottsch\u00bb<\/p>\n\n\n\n<p><strong><strong><strong><strong>Dr Blaggedde V\u00e4rs vom Fasnachts-Comit\u00e9<\/strong><\/strong><\/strong><\/strong><br>J\u00e4 unsri ney Fasnachts-Blaggedde<br>Het ussergweenlig vyyl Facette<br>Dr Guido Happle het se disaint<br>Und die ganzi Fasnacht so veraint<br>E Harlekin und au e Pierrot<br>J\u00e4 au en Ueli gseht me do<br>Drzue kunnt no e Bl\u00e4tzlibajass<br>Und au e Waggis us em Elsass<br>Die Alti Dante ganz adrett<br>Macht so die Rundi no komplett<br>E Drummle und e Piccolo<br>Dien fir d Clique dodruff stoh<br>Mit sym St\u00e4gge git exaggt<br>Dr Major aa no scheen dr Taggt<br>Unter em Himmel mit de St\u00e4rne<br>Lyychtet h\u00e4ll e St\u00e4ggelad\u00e4rne<br>Und schliesslig gsehsch no z letsch em\u00e4nd<br>S het ebber Zeedel in de H\u00e4nd<br>Dr Vortrab isch so au drbyy<br>S will jo kai Clique ohni syy<br>E Helge j\u00e4 d\u00e4 isch do d\u00e4ngg<br>Fir unsri gliebte Schnitzelb\u00e4ngg<br>E Zoggeli \u2013 und das isch klar<br>Isch jo e Waggis-Accessoire<br>Und so sin d W\u00e4\u00e4ge unsri n\u00e4tte<br>Beschtens jetz do au verdr\u00e4tte<br>E Pauker paukt no binere Gugge<br>Und fillt so no die letschti Lugge<br>E jede freut sich ab em ander<br>E heerrlig Gwiehl e Duurenander<br>Wies numme an dr Fasnacht git<br>Und alli mache friidlig mit<br>Wo duets das denne sunscht no g\u00e4\u00e4<br>Me darf ys g\u00e4rn als Vorbild n\u00e4h<br>Und jede so wien \u00e4r grad will<br>Farbig, lutt und als au schrill<br>Eso verstoot jetz jede Dottsch<br>S Fasnachts-Motto \u00abSyg wie de wottsch\u00bb<br>Das isch dr K\u00e4rn \u2013 das isch d Idee<br>Maint s Fasnachts-Comit\u00e9<\/p>\n","protected":false},"excerpt":{"rendered":"<p>Unseri H\u00e8lge vo dr Fasnacht 2025 Unser Sujet\u00abAnnus Sanctus!\u00bb Unser R\u00e4d\u00e4b\u00e4ngAlli 25 Joor dien si jubiliere, deert in RomUuus alle Richtige kunnt denn dr aint und ander GnomD sine w\u00e4nn si erloo, s isch allerhand, mir sinn scho zimlig gspanntE Wallfaart ino Rom, mir rolle duur dr hailigi Pforte im PetersdomWie allewyyl faare mir ooni &hellip; <\/p>\n<p class=\"link-more\"><a href=\"https:\/\/raere-waggis.ch\/wordpress\/index.php\/helge\/fasnacht-2025\/\" class=\"more-link\"><span class=\"screen-reader-text\">&#171;Fasnacht 2025&#187;<\/span> weiterlesen<\/a><\/p>\n","protected":false},"author":2,"featured_media":0,"parent":136,"menu_order":0,"comment_status":"closed","ping_status":"closed","template":"","meta":{"footnotes":""},"class_list":["post-5579","page","type-page","status-publish","hentry"],"_links":{"self":[{"href":"https:\/\/raere-waggis.ch\/wordpress\/index.php\/wp-json\/wp\/v2\/pages\/5579","targetHints":{"allow":["GET"]}}],"collection":[{"href":"https:\/\/raere-waggis.ch\/wordpress\/index.php\/wp-json\/wp\/v2\/pages"}],"about":[{"href":"https:\/\/raere-waggis.ch\/wordpress\/index.php\/wp-json\/wp\/v2\/types\/page"}],"author":[{"embeddable":true,"href":"https:\/\/raere-waggis.ch\/wordpress\/index.php\/wp-json\/wp\/v2\/users\/2"}],"replies":[{"embeddable":true,"href":"https:\/\/raere-waggis.ch\/wordpress\/index.php\/wp-json\/wp\/v2\/comments?post=5579"}],"version-history":[{"count":21,"href":"https:\/\/raere-waggis.ch\/wordpress\/index.php\/wp-json\/wp\/v2\/pages\/5579\/revisions"}],"predecessor-version":[{"id":5838,"href":"https:\/\/raere-waggis.ch\/wordpress\/index.php\/wp-json\/wp\/v2\/pages\/5579\/revisions\/5838"}],"up":[{"embeddable":true,"href":"https:\/\/raere-waggis.ch\/wordpress\/index.php\/wp-json\/wp\/v2\/pages\/136"}],"wp:attachment":[{"href":"https:\/\/raere-waggis.ch\/wordpress\/index.php\/wp-json\/wp\/v2\/media?parent=5579"}],"curies":[{"name":"wp","href":"https:\/\/api.w.org\/{rel}","templated":true}]}}