{"id":585,"date":"2021-12-02T14:42:36","date_gmt":"2021-12-02T13:42:36","guid":{"rendered":"https:\/\/raere-waggis.ch\/wordpress\/?page_id=585"},"modified":"2022-03-02T19:03:39","modified_gmt":"2022-03-02T18:03:39","slug":"fasnacht-2010","status":"publish","type":"page","link":"https:\/\/raere-waggis.ch\/wordpress\/index.php\/helge\/fasnacht-2010\/","title":{"rendered":"Fasnacht 2010"},"content":{"rendered":"<div class=\"breadcrumbs align  wp-block-bcn-breadcrumb-trail has-text-color has-background\" vocab=\"https:\/\/schema.org\/\" typeof=\"BreadcrumbList\">\n\t<span><\/span>\n\t<\/div>\n\n\n\n<p><\/p>\n\n\n\n<div class=\"wp-block-group\"><div class=\"wp-block-group__inner-container is-layout-flow wp-block-group-is-layout-flow\">\n<div class=\"wp-block-media-text alignwide is-stacked-on-mobile is-vertically-aligned-center\" style=\"grid-template-columns:38% auto\"><figure class=\"wp-block-media-text__media\"><a href=\"https:\/\/raere-waggis.ch\/wordpress\/wp-content\/uploads\/2022\/02\/2010-raere-blaggedde-buergin.jpg\"><img loading=\"lazy\" decoding=\"async\" width=\"920\" height=\"1024\" src=\"https:\/\/raere-waggis.ch\/wordpress\/wp-content\/uploads\/2022\/02\/2010-raere-blaggedde-buergin-920x1024.jpg\" alt=\"\" class=\"wp-image-4348 size-full\" srcset=\"https:\/\/raere-waggis.ch\/wordpress\/wp-content\/uploads\/2022\/02\/2010-raere-blaggedde-buergin-920x1024.jpg 920w, https:\/\/raere-waggis.ch\/wordpress\/wp-content\/uploads\/2022\/02\/2010-raere-blaggedde-buergin-270x300.jpg 270w, https:\/\/raere-waggis.ch\/wordpress\/wp-content\/uploads\/2022\/02\/2010-raere-blaggedde-buergin-768x855.jpg 768w, https:\/\/raere-waggis.ch\/wordpress\/wp-content\/uploads\/2022\/02\/2010-raere-blaggedde-buergin-1380x1536.jpg 1380w, https:\/\/raere-waggis.ch\/wordpress\/wp-content\/uploads\/2022\/02\/2010-raere-blaggedde-buergin-1840x2048.jpg 1840w\" sizes=\"auto, (max-width: 767px) 89vw, (max-width: 1000px) 54vw, (max-width: 1071px) 543px, 580px\" \/><\/a><\/figure><div class=\"wp-block-media-text__content\">\n<p><strong>Unseri H\u00e8lge vo dr Fasnacht 2010<\/strong><\/p>\n\n\n\n<ul class=\"wp-block-list\"><li><a href=\"https:\/\/raere-waggis.ch\/wordpress\/index.php\/vergangenes\/fasnacht-2010\/waagebau-2010\/\" data-type=\"page\" data-id=\"738\">Waagebau<\/a><\/li><li><a href=\"https:\/\/raere-waggis.ch\/wordpress\/index.php\/vergangenes\/fasnacht-2010\/dauffi-2010\/\" data-type=\"page\" data-id=\"735\">Dauffi<\/a><\/li><li><a href=\"https:\/\/raere-waggis.ch\/wordpress\/index.php\/vergangenes\/fasnacht-2010\/maentig-2010\/\" data-type=\"page\" data-id=\"736\">M\u00e4\u00e4ntig<\/a><\/li><li><a href=\"https:\/\/raere-waggis.ch\/wordpress\/index.php\/vergangenes\/fasnacht-2010\/binggis-2010\/\" data-type=\"page\" data-id=\"1049\">Binggis<\/a><\/li><li><a href=\"https:\/\/raere-waggis.ch\/wordpress\/index.php\/vergangenes\/fasnacht-2010\/mittwuch-2010\/\" data-type=\"page\" data-id=\"737\">Mittwuch<\/a><\/li><li><a href=\"https:\/\/raere-waggis.ch\/wordpress\/index.php\/vergangenes\/fasnacht-2010\/bummel-2010\/\" data-type=\"page\" data-id=\"734\">Bummel<\/a><\/li><\/ul>\n\n\n\n<p><\/p>\n<\/div><\/div>\n<\/div><\/div>\n\n\n\n<p><strong>Unser Sujet<\/strong><br>&#171;Drotz Fynanz- und Wirtschaftsgryyse, <br>leen mir uns d Fasnacht nit vermyyse!&#187;<br><br><strong>Dr Waage<\/strong><br>&#171;Dr Unggle S\u00e4m duet s G\u00e4ld vernichte!&#187;<\/p>\n\n\n\n<p><strong>Comit\u00e9 Sujet<\/strong><br>&#171;E rundi Sach!&#187;<\/p>\n\n\n\n<p><strong>Dr Blaggedde V\u00e4rs vom Fasnachts-Comit\u00e9<\/strong><br>Jetz, wo mer uff e groosse Runde aanestyyre<br>mit hundert Faasnachts-Joorg\u00e4ng under Dach und Fach,<br>jetz w\u00e4mmer bschaide, baaslerisch e bitzli fyyre,<br>denn immerhii sinn hundert Joor E RUNDI SACH!<br>Und d Feschtfraid w\u00e4mmer au mit dr Blagette zaige:<br>mit dr Frau Faasnacht, wo uff iirem braite Huet<br>grad wien e Bluememaie unsere ganze Raige<br>vo Baasler Faasnachts-Naare presentiere duet.<br>Das W\u00e4rgg vom Pascal Kottmann gits wie gwoont in Kupfer,<br>in Silber, Gold und au als Bijou (\u201eM\u00e9daille d\u2019Or\u201c).<br>Es isch e ganz en elegante Ufftaggt-Dupfer<br>im Fasnachts-Comit\u00e9 sym Jubileeums-Joor.<br>Und w\u00e4r d Blagette richtig bschaut, d\u00e4 wird entdegge,<br>dass sich deert ganz im Egge in sym Naareglaid<br>dr 1911-er-Ueli duet verstegge,<br>die legend\u00e4\u00e4ri \u201dNoodle\u201d, wie me z Baasel sait.<br>Jetz isch d\u00e4 Ueli abgstaubt, gliftet, und mer d\u00e4ngge,<br>die Noodle g\u00e4bs als Souvenir no oobedryy<br>zem noo dr Faasnacht iber s Joor an Tschoope h\u00e4ngge.<br>E Juubeljoor lang Nostalgyy \u2013 das deerf doch syy!<\/p>\n","protected":false},"excerpt":{"rendered":"<p>Unseri H\u00e8lge vo dr Fasnacht 2010 Waagebau Dauffi M\u00e4\u00e4ntig Binggis Mittwuch Bummel Unser Sujet&#171;Drotz Fynanz- und Wirtschaftsgryyse, leen mir uns d Fasnacht nit vermyyse!&#187; Dr Waage&#171;Dr Unggle S\u00e4m duet s G\u00e4ld vernichte!&#187; Comit\u00e9 Sujet&#171;E rundi Sach!&#187; Dr Blaggedde V\u00e4rs vom Fasnachts-Comit\u00e9Jetz, wo mer uff e groosse Runde aanestyyremit hundert Faasnachts-Joorg\u00e4ng under Dach und Fach,jetz w\u00e4mmer &hellip; <\/p>\n<p class=\"link-more\"><a href=\"https:\/\/raere-waggis.ch\/wordpress\/index.php\/helge\/fasnacht-2010\/\" class=\"more-link\"><span class=\"screen-reader-text\">&#171;Fasnacht 2010&#187;<\/span> weiterlesen<\/a><\/p>\n","protected":false},"author":1,"featured_media":0,"parent":136,"menu_order":0,"comment_status":"closed","ping_status":"closed","template":"","meta":{"footnotes":""},"class_list":["post-585","page","type-page","status-publish","hentry"],"_links":{"self":[{"href":"https:\/\/raere-waggis.ch\/wordpress\/index.php\/wp-json\/wp\/v2\/pages\/585","targetHints":{"allow":["GET"]}}],"collection":[{"href":"https:\/\/raere-waggis.ch\/wordpress\/index.php\/wp-json\/wp\/v2\/pages"}],"about":[{"href":"https:\/\/raere-waggis.ch\/wordpress\/index.php\/wp-json\/wp\/v2\/types\/page"}],"author":[{"embeddable":true,"href":"https:\/\/raere-waggis.ch\/wordpress\/index.php\/wp-json\/wp\/v2\/users\/1"}],"replies":[{"embeddable":true,"href":"https:\/\/raere-waggis.ch\/wordpress\/index.php\/wp-json\/wp\/v2\/comments?post=585"}],"version-history":[{"count":10,"href":"https:\/\/raere-waggis.ch\/wordpress\/index.php\/wp-json\/wp\/v2\/pages\/585\/revisions"}],"predecessor-version":[{"id":4830,"href":"https:\/\/raere-waggis.ch\/wordpress\/index.php\/wp-json\/wp\/v2\/pages\/585\/revisions\/4830"}],"up":[{"embeddable":true,"href":"https:\/\/raere-waggis.ch\/wordpress\/index.php\/wp-json\/wp\/v2\/pages\/136"}],"wp:attachment":[{"href":"https:\/\/raere-waggis.ch\/wordpress\/index.php\/wp-json\/wp\/v2\/media?parent=585"}],"curies":[{"name":"wp","href":"https:\/\/api.w.org\/{rel}","templated":true}]}}